{"id":75,"date":"2016-06-11T11:09:20","date_gmt":"2016-06-11T09:09:20","guid":{"rendered":"http:\/\/www.fondationassistanceauxanimaux.org\/actu\/?page_id=75"},"modified":"2021-01-14T11:40:31","modified_gmt":"2021-01-14T10:40:31","slug":"fondation-assistance-aux-animaux-actualites","status":"publish","type":"page","link":"https:\/\/www.fondationassistanceauxanimaux.org\/actu\/","title":{"rendered":"Fondation Assistance aux Animaux &#8211; Actualit\u00e9s"},"content":{"rendered":"<div id='layer_slider_1'  class='avia-layerslider main_color avia-shadow  avia-builder-el-0  el_before_av_three_fourth  avia-builder-el-first  container_wrap sidebar_right'  style='height: 301px;'  ><\/div><div id='after_layer_slider_1'  class='main_color av_default_container_wrap container_wrap sidebar_right'  ><div class='container av-section-cont-open' ><div class='template-page content  av-content-small alpha units'><div class='post-entry post-entry-type-page post-entry-75'><div class='entry-content-wrapper clearfix'>\n\n<style type=\"text\/css\" data-created_by=\"avia_inline_auto\" id=\"style-css-av-71l2j-8656063ba8d3ebfed353a01090366765\">\n.flex_column.av-71l2j-8656063ba8d3ebfed353a01090366765{\nborder-radius:0px 0px 0px 0px;\npadding:0px 0px 0px 0px;\n}\n<\/style>\n<div  class='flex_column av-71l2j-8656063ba8d3ebfed353a01090366765 av_three_fourth  avia-builder-el-1  el_after_av_layerslider  el_before_av_one_fourth  avia-builder-el-first  first flex_column_div av-zero-column-padding  '     ><p><article  class='iconbox iconbox_left av-658er-48117f96cbe25b4385a2ac019c2efa3a  avia-builder-el-2  el_before_av_blog  avia-builder-el-first '  itemscope=\"itemscope\" itemtype=\"https:\/\/schema.org\/CreativeWork\" ><div class=\"iconbox_content\"><header class=\"entry-content-header\" aria-label=\"Ic\u00f4ne : Les derni\u00e8res News de la Fondation\"><div class='iconbox_icon heading-color avia-iconfont avia-font-faaa' data-av_icon='\ue818' data-av_iconfont='faaa'  ><\/div><h3 class='iconbox_content_title '  itemprop=\"headline\" >Les derni\u00e8res News de la Fondation<\/h3><\/header><div class='iconbox_content_container '  itemprop=\"text\" ><\/div><\/div><footer class=\"entry-footer\"><\/footer><\/article><br \/>\n<div  data-slideshow-options=\"{&quot;animation&quot;:&quot;fade&quot;,&quot;autoplay&quot;:false,&quot;loop_autoplay&quot;:&quot;once&quot;,&quot;interval&quot;:5,&quot;loop_manual&quot;:&quot;manual-endless&quot;,&quot;autoplay_stopper&quot;:false,&quot;noNavigation&quot;:false,&quot;show_slide_delay&quot;:90}\" class='avia-content-slider avia-content-grid-active avia-content-slider1 avia-content-slider-odd  avia-builder-el-3  el_after_av_icon_box  avia-builder-el-last  av-slideshow-ui av-control-default   av-no-slider-navigation av-slideshow-manual av-loop-once av-loop-manual-endless '  itemscope=\"itemscope\" itemtype=\"https:\/\/schema.org\/Blog\" ><div class=\"avia-content-slider-inner\"><div class=\"slide-entry-wrap\"><article class='slide-entry flex_column  post-entry post-entry-26255 slide-entry-overview slide-loop-1 slide-parity-odd  av_one_third first real-thumbnail posttype-post post-format-standard'  itemscope=\"itemscope\" itemtype=\"https:\/\/schema.org\/CreativeWork\" ><a href='https:\/\/www.fondationassistanceauxanimaux.org\/actu\/chiots-dalmatiens-adoption-26255\/' data-rel='slide-1' class='slide-image' title='5 chiots dalmatiens recherchent leur famille pour la vie !'><img decoding=\"async\" fetchpriority=\"high\" width=\"480\" height=\"400\" src=\"https:\/\/www.fondationassistanceauxanimaux.org\/actu\/wp-content\/uploads\/2026\/05\/IMG_0540-1-480x400.jpeg\" class=\"wp-image-26262 avia-img-lazy-loading-not-26262 attachment-portfolio size-portfolio wp-post-image\" alt=\"\" \/><\/a><div class=\"slide-content\"><header class=\"entry-content-header\" aria-label=\"Slide: 5 chiots dalmatiens recherchent leur famille pour la vie !\"><span class=\"blog-categories minor-meta\"><a href=\"https:\/\/www.fondationassistanceauxanimaux.org\/actu\/c\/fondation-assistance-aux-animaux\/\" rel=\"tag\">Fondation Assistance Aux Animaux<\/a> <\/span><h3 class='slide-entry-title entry-title '  itemprop=\"headline\" ><a href='https:\/\/www.fondationassistanceauxanimaux.org\/actu\/chiots-dalmatiens-adoption-26255\/' title='5 chiots dalmatiens recherchent leur famille pour la vie !'>5 chiots dalmatiens recherchent leur famille pour la vie !<\/a><\/h3><span class=\"av-vertical-delimiter\"><\/span><\/header><div class='slide-entry-excerpt entry-content'  itemprop=\"text\" >\nUn sauvetage marquant en Eure-et-Loire, d\u00e9cembre 2025. La Fondation Assistance aux Animaux participait alors \u00e0 un vaste sauvetage : une centaine de NAC et d\u2019animaux de ferme, laiss\u00e9s \u00e0 eux-m\u00eames, dans des conditions pr\u00e9occupantes.\n\n\n\nAu\u2026<\/div><\/div><footer class=\"entry-footer\"><div class=\"slide-meta\"><time class='slide-meta-time updated'  itemprop=\"datePublished\" datetime=\"2026-05-01T06:51:53+02:00\" >1 mai 2026<\/time><\/div><\/footer><span class='hidden'>\n\t\t\t\t<span class='av-structured-data'  itemprop=\"image\" itemscope=\"itemscope\" itemtype=\"https:\/\/schema.org\/ImageObject\" >\n\t\t\t\t\t\t<span itemprop='url'>https:\/\/www.fondationassistanceauxanimaux.org\/actu\/wp-content\/uploads\/2026\/05\/IMG_0540-1.jpeg<\/span>\n\t\t\t\t\t\t<span itemprop='height'>459<\/span>\n\t\t\t\t\t\t<span itemprop='width'>480<\/span>\n\t\t\t\t<\/span>\n\t\t\t\t<span class='av-structured-data'  itemprop=\"publisher\" itemtype=\"https:\/\/schema.org\/Organization\" itemscope=\"itemscope\" >\n\t\t\t\t\t\t<span itemprop='name'>No\u00e9<\/span>\n\t\t\t\t\t\t<span itemprop='logo' itemscope itemtype='https:\/\/schema.org\/ImageObject'>\n\t\t\t\t\t\t\t<span itemprop='url'>https:\/\/www.fondationassistanceauxanimaux.org\/actu\/wp-content\/uploads\/2021\/02\/logo-faaa-so-transp.png<\/span>\n\t\t\t\t\t\t<\/span>\n\t\t\t\t<\/span><span class='av-structured-data'  itemprop=\"author\" itemscope=\"itemscope\" itemtype=\"https:\/\/schema.org\/Person\" ><span itemprop='name'>No\u00e9<\/span><\/span><span class='av-structured-data'  itemprop=\"datePublished\" datetime=\"2016-06-11T11:09:20+02:00\" >2026-05-01 06:51:53<\/span><span class='av-structured-data'  itemprop=\"dateModified\" itemtype=\"https:\/\/schema.org\/dateModified\" >2026-05-01 06:53:33<\/span><span class='av-structured-data'  itemprop=\"mainEntityOfPage\" itemtype=\"https:\/\/schema.org\/mainEntityOfPage\" ><span itemprop='name'>5 chiots dalmatiens recherchent leur famille pour la vie !<\/span><\/span><\/span><\/article><article class='slide-entry flex_column  post-entry post-entry-26250 slide-entry-overview slide-loop-2 slide-parity-even  av_one_third  real-thumbnail posttype-post post-format-standard'  itemscope=\"itemscope\" itemtype=\"https:\/\/schema.org\/CreativeWork\" ><a href='https:\/\/www.fondationassistanceauxanimaux.org\/actu\/portrait-de-sam-a-ladoption-au-refuge-de-bellegarde-26250\/' data-rel='slide-1' class='slide-image' title='Portrait de Sam, \u00e0 l&rsquo;adoption au refuge de Bellegarde'><img decoding=\"async\" fetchpriority=\"high\" width=\"495\" height=\"400\" src=\"https:\/\/www.fondationassistanceauxanimaux.org\/actu\/wp-content\/uploads\/2026\/04\/Sam-1-495x400.jpeg\" class=\"wp-image-26253 avia-img-lazy-loading-not-26253 attachment-portfolio size-portfolio wp-post-image\" alt=\"\" srcset=\"https:\/\/www.fondationassistanceauxanimaux.org\/actu\/wp-content\/uploads\/2026\/04\/Sam-1-495x400.jpeg 495w, https:\/\/www.fondationassistanceauxanimaux.org\/actu\/wp-content\/uploads\/2026\/04\/Sam-1-845x684.jpeg 845w\" sizes=\"(max-width: 495px) 100vw, 495px\" \/><\/a><div class=\"slide-content\"><header class=\"entry-content-header\" aria-label=\"Slide: Portrait de Sam, \u00e0 l&#039;adoption au refuge de Bellegarde\"><span class=\"blog-categories minor-meta\"><a href=\"https:\/\/www.fondationassistanceauxanimaux.org\/actu\/c\/fondation-assistance-aux-animaux\/\" rel=\"tag\">Fondation Assistance Aux Animaux<\/a> <\/span><h3 class='slide-entry-title entry-title '  itemprop=\"headline\" ><a href='https:\/\/www.fondationassistanceauxanimaux.org\/actu\/portrait-de-sam-a-ladoption-au-refuge-de-bellegarde-26250\/' title='Portrait de Sam, \u00e0 l&rsquo;adoption au refuge de Bellegarde'>Portrait de Sam, \u00e0 l&rsquo;adoption au refuge de Bellegarde<\/a><\/h3><span class=\"av-vertical-delimiter\"><\/span><\/header><div class='slide-entry-excerpt entry-content'  itemprop=\"text\" >\nSam, n\u00e9 en juin 2020, aura bient\u00f4t 6 ans. Et son plus beau cadeau serait de trouver enfin sa famille pour la vie.\n\n\n\nC\u2019est un chien tr\u00e8s c\u00e2lin une fois en confiance, attentif, et proche de l\u2019humain. Il a besoin d\u2019attention, de pr\u00e9sence\u2026<\/div><\/div><footer class=\"entry-footer\"><div class=\"slide-meta\"><time class='slide-meta-time updated'  itemprop=\"datePublished\" datetime=\"2026-04-30T16:21:53+02:00\" >30 avril 2026<\/time><\/div><\/footer><span class='hidden'>\n\t\t\t\t<span class='av-structured-data'  itemprop=\"image\" itemscope=\"itemscope\" itemtype=\"https:\/\/schema.org\/ImageObject\" >\n\t\t\t\t\t\t<span itemprop='url'>https:\/\/www.fondationassistanceauxanimaux.org\/actu\/wp-content\/uploads\/2026\/04\/Sam-1.jpeg<\/span>\n\t\t\t\t\t\t<span itemprop='height'>1046<\/span>\n\t\t\t\t\t\t<span itemprop='width'>1200<\/span>\n\t\t\t\t<\/span>\n\t\t\t\t<span class='av-structured-data'  itemprop=\"publisher\" itemtype=\"https:\/\/schema.org\/Organization\" itemscope=\"itemscope\" >\n\t\t\t\t\t\t<span itemprop='name'>No\u00e9<\/span>\n\t\t\t\t\t\t<span itemprop='logo' itemscope itemtype='https:\/\/schema.org\/ImageObject'>\n\t\t\t\t\t\t\t<span itemprop='url'>https:\/\/www.fondationassistanceauxanimaux.org\/actu\/wp-content\/uploads\/2021\/02\/logo-faaa-so-transp.png<\/span>\n\t\t\t\t\t\t<\/span>\n\t\t\t\t<\/span><span class='av-structured-data'  itemprop=\"author\" itemscope=\"itemscope\" itemtype=\"https:\/\/schema.org\/Person\" ><span itemprop='name'>No\u00e9<\/span><\/span><span class='av-structured-data'  itemprop=\"datePublished\" datetime=\"2016-06-11T11:09:20+02:00\" >2026-04-30 16:21:53<\/span><span class='av-structured-data'  itemprop=\"dateModified\" itemtype=\"https:\/\/schema.org\/dateModified\" >2026-04-30 16:22:53<\/span><span class='av-structured-data'  itemprop=\"mainEntityOfPage\" itemtype=\"https:\/\/schema.org\/mainEntityOfPage\" ><span itemprop='name'>Portrait de Sam, \u00e0 l&rsquo;adoption au refuge de Bellegarde<\/span><\/span><\/span><\/article><article class='slide-entry flex_column  post-entry post-entry-26245 slide-entry-overview slide-loop-3 slide-parity-odd  av_one_third  real-thumbnail posttype-post post-format-standard'  itemscope=\"itemscope\" itemtype=\"https:\/\/schema.org\/CreativeWork\" ><a href='https:\/\/www.fondationassistanceauxanimaux.org\/actu\/1er-mai-attention-au-muguet-un-danger-pour-vos-animaux-2-26245\/' data-rel='slide-1' class='slide-image' title='1er mai : attention au muguet, un danger pour vos animaux !'><img decoding=\"async\" fetchpriority=\"high\" width=\"495\" height=\"400\" src=\"https:\/\/www.fondationassistanceauxanimaux.org\/actu\/wp-content\/uploads\/2026\/04\/muguet-fi24648308x975-495x400.jpg\" class=\"wp-image-26249 avia-img-lazy-loading-not-26249 attachment-portfolio size-portfolio wp-post-image\" alt=\"\" srcset=\"https:\/\/www.fondationassistanceauxanimaux.org\/actu\/wp-content\/uploads\/2026\/04\/muguet-fi24648308x975-495x400.jpg 495w, https:\/\/www.fondationassistanceauxanimaux.org\/actu\/wp-content\/uploads\/2026\/04\/muguet-fi24648308x975-300x243.jpg 300w, https:\/\/www.fondationassistanceauxanimaux.org\/actu\/wp-content\/uploads\/2026\/04\/muguet-fi24648308x975.jpg 695w\" sizes=\"(max-width: 495px) 100vw, 495px\" \/><\/a><div class=\"slide-content\"><header class=\"entry-content-header\" aria-label=\"Slide: 1er mai : attention au muguet, un danger pour vos animaux !\"><span class=\"blog-categories minor-meta\"><a href=\"https:\/\/www.fondationassistanceauxanimaux.org\/actu\/c\/fondation-assistance-aux-animaux\/\" rel=\"tag\">Fondation Assistance Aux Animaux<\/a> <\/span><h3 class='slide-entry-title entry-title '  itemprop=\"headline\" ><a href='https:\/\/www.fondationassistanceauxanimaux.org\/actu\/1er-mai-attention-au-muguet-un-danger-pour-vos-animaux-2-26245\/' title='1er mai : attention au muguet, un danger pour vos animaux !'>1er mai : attention au muguet, un danger pour vos animaux !<\/a><\/h3><span class=\"av-vertical-delimiter\"><\/span><\/header><div class='slide-entry-excerpt entry-content'  itemprop=\"text\" >\n\u00c0 la veille du 1er mai, la Fondation Assistance aux Animaux vous souhaite une belle journ\u00e9e\u2026 mais souhaite aussi attirer votre attention sur un danger encore trop m\u00e9connu : le muguet.\n\n\n\nCette plante, symbole de bonheur, est pourtant hautement\u2026<\/div><\/div><footer class=\"entry-footer\"><div class=\"slide-meta\"><time class='slide-meta-time updated'  itemprop=\"datePublished\" datetime=\"2026-04-30T13:45:51+02:00\" >30 avril 2026<\/time><\/div><\/footer><span class='hidden'>\n\t\t\t\t<span class='av-structured-data'  itemprop=\"image\" itemscope=\"itemscope\" itemtype=\"https:\/\/schema.org\/ImageObject\" >\n\t\t\t\t\t\t<span itemprop='url'>https:\/\/www.fondationassistanceauxanimaux.org\/actu\/wp-content\/uploads\/2026\/04\/muguet-fi24648308x975.jpg<\/span>\n\t\t\t\t\t\t<span itemprop='height'>563<\/span>\n\t\t\t\t\t\t<span itemprop='width'>695<\/span>\n\t\t\t\t<\/span>\n\t\t\t\t<span class='av-structured-data'  itemprop=\"publisher\" itemtype=\"https:\/\/schema.org\/Organization\" itemscope=\"itemscope\" >\n\t\t\t\t\t\t<span itemprop='name'>No\u00e9<\/span>\n\t\t\t\t\t\t<span itemprop='logo' itemscope itemtype='https:\/\/schema.org\/ImageObject'>\n\t\t\t\t\t\t\t<span itemprop='url'>https:\/\/www.fondationassistanceauxanimaux.org\/actu\/wp-content\/uploads\/2021\/02\/logo-faaa-so-transp.png<\/span>\n\t\t\t\t\t\t<\/span>\n\t\t\t\t<\/span><span class='av-structured-data'  itemprop=\"author\" itemscope=\"itemscope\" itemtype=\"https:\/\/schema.org\/Person\" ><span itemprop='name'>No\u00e9<\/span><\/span><span class='av-structured-data'  itemprop=\"datePublished\" datetime=\"2016-06-11T11:09:20+02:00\" >2026-04-30 13:45:51<\/span><span class='av-structured-data'  itemprop=\"dateModified\" itemtype=\"https:\/\/schema.org\/dateModified\" >2026-04-30 16:22:43<\/span><span class='av-structured-data'  itemprop=\"mainEntityOfPage\" itemtype=\"https:\/\/schema.org\/mainEntityOfPage\" ><span itemprop='name'>1er mai : attention au muguet, un danger pour vos animaux !<\/span><\/span><\/span><\/article><\/div><div class=\"slide-entry-wrap\"><article class='slide-entry flex_column  post-entry post-entry-26241 slide-entry-overview slide-loop-4 slide-parity-odd  av_one_third first real-thumbnail posttype-post post-format-standard'  itemscope=\"itemscope\" itemtype=\"https:\/\/schema.org\/CreativeWork\" ><a href='https:\/\/www.fondationassistanceauxanimaux.org\/actu\/une-double-adoption-au-refuge-de-villevaude-26241\/' data-rel='slide-1' class='slide-image' title='Une double adoption au refuge de Villevaud\u00e9 !'><img decoding=\"async\" fetchpriority=\"high\" width=\"495\" height=\"400\" src=\"https:\/\/www.fondationassistanceauxanimaux.org\/actu\/wp-content\/uploads\/2026\/04\/681274416_18360347311229574_1986124953138800615_n-1-495x400.jpg\" class=\"wp-image-26244 avia-img-lazy-loading-not-26244 attachment-portfolio size-portfolio wp-post-image\" alt=\"\" srcset=\"https:\/\/www.fondationassistanceauxanimaux.org\/actu\/wp-content\/uploads\/2026\/04\/681274416_18360347311229574_1986124953138800615_n-1-495x400.jpg 495w, https:\/\/www.fondationassistanceauxanimaux.org\/actu\/wp-content\/uploads\/2026\/04\/681274416_18360347311229574_1986124953138800615_n-1-845x684.jpg 845w\" sizes=\"(max-width: 495px) 100vw, 495px\" \/><\/a><div class=\"slide-content\"><header class=\"entry-content-header\" aria-label=\"Slide: Une double adoption au refuge de Villevaud\u00e9 !\"><span class=\"blog-categories minor-meta\"><a href=\"https:\/\/www.fondationassistanceauxanimaux.org\/actu\/c\/fondation-assistance-aux-animaux\/\" rel=\"tag\">Fondation Assistance Aux Animaux<\/a> <\/span><h3 class='slide-entry-title entry-title '  itemprop=\"headline\" ><a href='https:\/\/www.fondationassistanceauxanimaux.org\/actu\/une-double-adoption-au-refuge-de-villevaude-26241\/' title='Une double adoption au refuge de Villevaud\u00e9 !'>Une double adoption au refuge de Villevaud\u00e9 !<\/a><\/h3><span class=\"av-vertical-delimiter\"><\/span><\/header><div class='slide-entry-excerpt entry-content'  itemprop=\"text\" >\nUne double adoption au refuge Fondation Assistance aux Animaux de Villevaud\u00e9 !\n\n\n\nNous sommes tr\u00e8s heureux de les savoir ensemble : Cliquet et Equerre sont deux ins\u00e9parables.\n\n\n\nMerci \u00e0 nos adoptants.\n\n\n\n\n<\/div><\/div><footer class=\"entry-footer\"><div class=\"slide-meta\"><time class='slide-meta-time updated'  itemprop=\"datePublished\" datetime=\"2026-04-29T16:58:23+02:00\" >29 avril 2026<\/time><\/div><\/footer><span class='hidden'>\n\t\t\t\t<span class='av-structured-data'  itemprop=\"image\" itemscope=\"itemscope\" itemtype=\"https:\/\/schema.org\/ImageObject\" >\n\t\t\t\t\t\t<span itemprop='url'>https:\/\/www.fondationassistanceauxanimaux.org\/actu\/wp-content\/uploads\/2026\/04\/681274416_18360347311229574_1986124953138800615_n-1.jpg<\/span>\n\t\t\t\t\t\t<span itemprop='height'>783<\/span>\n\t\t\t\t\t\t<span itemprop='width'>924<\/span>\n\t\t\t\t<\/span>\n\t\t\t\t<span class='av-structured-data'  itemprop=\"publisher\" itemtype=\"https:\/\/schema.org\/Organization\" itemscope=\"itemscope\" >\n\t\t\t\t\t\t<span itemprop='name'>No\u00e9<\/span>\n\t\t\t\t\t\t<span itemprop='logo' itemscope itemtype='https:\/\/schema.org\/ImageObject'>\n\t\t\t\t\t\t\t<span itemprop='url'>https:\/\/www.fondationassistanceauxanimaux.org\/actu\/wp-content\/uploads\/2021\/02\/logo-faaa-so-transp.png<\/span>\n\t\t\t\t\t\t<\/span>\n\t\t\t\t<\/span><span class='av-structured-data'  itemprop=\"author\" itemscope=\"itemscope\" itemtype=\"https:\/\/schema.org\/Person\" ><span itemprop='name'>No\u00e9<\/span><\/span><span class='av-structured-data'  itemprop=\"datePublished\" datetime=\"2016-06-11T11:09:20+02:00\" >2026-04-29 16:58:23<\/span><span class='av-structured-data'  itemprop=\"dateModified\" itemtype=\"https:\/\/schema.org\/dateModified\" >2026-04-29 16:58:23<\/span><span class='av-structured-data'  itemprop=\"mainEntityOfPage\" itemtype=\"https:\/\/schema.org\/mainEntityOfPage\" ><span itemprop='name'>Une double adoption au refuge de Villevaud\u00e9 !<\/span><\/span><\/span><\/article><article class='slide-entry flex_column  post-entry post-entry-26237 slide-entry-overview slide-loop-5 slide-parity-even  av_one_third  real-thumbnail posttype-post post-format-standard'  itemscope=\"itemscope\" itemtype=\"https:\/\/schema.org\/CreativeWork\" ><a href='https:\/\/www.fondationassistanceauxanimaux.org\/actu\/oursin-recherche-une-famille-26237\/' data-rel='slide-1' class='slide-image' title='Oursin recherche une famille !'><img decoding=\"async\" fetchpriority=\"high\" width=\"495\" height=\"400\" src=\"https:\/\/www.fondationassistanceauxanimaux.org\/actu\/wp-content\/uploads\/2026\/04\/oursin-495x400.png\" class=\"wp-image-26240 avia-img-lazy-loading-not-26240 attachment-portfolio size-portfolio wp-post-image\" alt=\"\" \/><\/a><div class=\"slide-content\"><header class=\"entry-content-header\" aria-label=\"Slide: Oursin recherche une famille !\"><span class=\"blog-categories minor-meta\"><a href=\"https:\/\/www.fondationassistanceauxanimaux.org\/actu\/c\/fondation-assistance-aux-animaux\/\" rel=\"tag\">Fondation Assistance Aux Animaux<\/a> <\/span><h3 class='slide-entry-title entry-title '  itemprop=\"headline\" ><a href='https:\/\/www.fondationassistanceauxanimaux.org\/actu\/oursin-recherche-une-famille-26237\/' title='Oursin recherche une famille !'>Oursin recherche une famille !<\/a><\/h3><span class=\"av-vertical-delimiter\"><\/span><\/header><div class='slide-entry-excerpt entry-content'  itemprop=\"text\" >\nOursin recherche une famille !\n\n\n\nFIV + Pathologie cardiaque, Oursin est un chat tr\u00e8s c\u00e2lin et joueur !\n\n\n\n\u00c9tant une adoption SOS, les frais m\u00e9dicaux concernant ses pathologies chroniques seront pris en charge par la Fondation Assistance\u2026<\/div><\/div><footer class=\"entry-footer\"><div class=\"slide-meta\"><time class='slide-meta-time updated'  itemprop=\"datePublished\" datetime=\"2026-04-28T17:05:46+02:00\" >28 avril 2026<\/time><\/div><\/footer><span class='hidden'>\n\t\t\t\t<span class='av-structured-data'  itemprop=\"image\" itemscope=\"itemscope\" itemtype=\"https:\/\/schema.org\/ImageObject\" >\n\t\t\t\t\t\t<span itemprop='url'>https:\/\/www.fondationassistanceauxanimaux.org\/actu\/wp-content\/uploads\/2026\/04\/oursin.png<\/span>\n\t\t\t\t\t\t<span itemprop='height'>740<\/span>\n\t\t\t\t\t\t<span itemprop='width'>828<\/span>\n\t\t\t\t<\/span>\n\t\t\t\t<span class='av-structured-data'  itemprop=\"publisher\" itemtype=\"https:\/\/schema.org\/Organization\" itemscope=\"itemscope\" >\n\t\t\t\t\t\t<span itemprop='name'>No\u00e9<\/span>\n\t\t\t\t\t\t<span itemprop='logo' itemscope itemtype='https:\/\/schema.org\/ImageObject'>\n\t\t\t\t\t\t\t<span itemprop='url'>https:\/\/www.fondationassistanceauxanimaux.org\/actu\/wp-content\/uploads\/2021\/02\/logo-faaa-so-transp.png<\/span>\n\t\t\t\t\t\t<\/span>\n\t\t\t\t<\/span><span class='av-structured-data'  itemprop=\"author\" itemscope=\"itemscope\" itemtype=\"https:\/\/schema.org\/Person\" ><span itemprop='name'>No\u00e9<\/span><\/span><span class='av-structured-data'  itemprop=\"datePublished\" datetime=\"2016-06-11T11:09:20+02:00\" >2026-04-28 17:05:46<\/span><span class='av-structured-data'  itemprop=\"dateModified\" itemtype=\"https:\/\/schema.org\/dateModified\" >2026-04-28 17:06:11<\/span><span class='av-structured-data'  itemprop=\"mainEntityOfPage\" itemtype=\"https:\/\/schema.org\/mainEntityOfPage\" ><span itemprop='name'>Oursin recherche une famille !<\/span><\/span><\/span><\/article><article class='slide-entry flex_column  post-entry post-entry-26232 slide-entry-overview slide-loop-6 slide-parity-odd  av_one_third  real-thumbnail posttype-post post-format-standard'  itemscope=\"itemscope\" itemtype=\"https:\/\/schema.org\/CreativeWork\" ><a href='https:\/\/www.fondationassistanceauxanimaux.org\/actu\/dispensaire-de-strasbourg-fermeture-exceptionnelle-du-1er-au-10-mai-2026-26232\/' data-rel='slide-1' class='slide-image' title='Dispensaire de Strasbourg : fermeture exceptionnelle du 1er au 10 mai 2026'><img decoding=\"async\" fetchpriority=\"high\" width=\"495\" height=\"400\" src=\"https:\/\/www.fondationassistanceauxanimaux.org\/actu\/wp-content\/uploads\/2026\/04\/logo-faa-blanc-495x400.png\" class=\"wp-image-26236 avia-img-lazy-loading-not-26236 attachment-portfolio size-portfolio wp-post-image\" alt=\"\" srcset=\"https:\/\/www.fondationassistanceauxanimaux.org\/actu\/wp-content\/uploads\/2026\/04\/logo-faa-blanc-495x400.png 495w, https:\/\/www.fondationassistanceauxanimaux.org\/actu\/wp-content\/uploads\/2026\/04\/logo-faa-blanc-845x684.png 845w\" sizes=\"(max-width: 495px) 100vw, 495px\" \/><\/a><div class=\"slide-content\"><header class=\"entry-content-header\" aria-label=\"Slide: Dispensaire de Strasbourg : fermeture exceptionnelle du 1er au 10 mai 2026\"><span class=\"blog-categories minor-meta\"><a href=\"https:\/\/www.fondationassistanceauxanimaux.org\/actu\/c\/fondation-assistance-aux-animaux\/\" rel=\"tag\">Fondation Assistance Aux Animaux<\/a> <\/span><h3 class='slide-entry-title entry-title '  itemprop=\"headline\" ><a href='https:\/\/www.fondationassistanceauxanimaux.org\/actu\/dispensaire-de-strasbourg-fermeture-exceptionnelle-du-1er-au-10-mai-2026-26232\/' title='Dispensaire de Strasbourg : fermeture exceptionnelle du 1er au 10 mai 2026'>Dispensaire de Strasbourg : fermeture exceptionnelle du 1er au 10 mai 2026<\/a><\/h3><span class=\"av-vertical-delimiter\"><\/span><\/header><div class='slide-entry-excerpt entry-content'  itemprop=\"text\" >\nLa Fondation Assistance aux Animaux vous informe que son dispensaire de Strasbourg sera exceptionnellement ferm\u00e9 :\n\n\n\n\n\ndu 1er mai au 10 mai 2026 inclus\n\n\n\n\n\nMerci de votre compr\u00e9hension.\n\n\n\n\n<\/div><\/div><footer class=\"entry-footer\"><div class=\"slide-meta\"><time class='slide-meta-time updated'  itemprop=\"datePublished\" datetime=\"2026-04-27T12:39:02+02:00\" >27 avril 2026<\/time><\/div><\/footer><span class='hidden'>\n\t\t\t\t<span class='av-structured-data'  itemprop=\"image\" itemscope=\"itemscope\" itemtype=\"https:\/\/schema.org\/ImageObject\" >\n\t\t\t\t\t\t<span itemprop='url'>https:\/\/www.fondationassistanceauxanimaux.org\/actu\/wp-content\/uploads\/2026\/04\/logo-faa-blanc.png<\/span>\n\t\t\t\t\t\t<span itemprop='height'>1054<\/span>\n\t\t\t\t\t\t<span itemprop='width'>1054<\/span>\n\t\t\t\t<\/span>\n\t\t\t\t<span class='av-structured-data'  itemprop=\"publisher\" itemtype=\"https:\/\/schema.org\/Organization\" itemscope=\"itemscope\" >\n\t\t\t\t\t\t<span itemprop='name'>No\u00e9<\/span>\n\t\t\t\t\t\t<span itemprop='logo' itemscope itemtype='https:\/\/schema.org\/ImageObject'>\n\t\t\t\t\t\t\t<span itemprop='url'>https:\/\/www.fondationassistanceauxanimaux.org\/actu\/wp-content\/uploads\/2021\/02\/logo-faaa-so-transp.png<\/span>\n\t\t\t\t\t\t<\/span>\n\t\t\t\t<\/span><span class='av-structured-data'  itemprop=\"author\" itemscope=\"itemscope\" itemtype=\"https:\/\/schema.org\/Person\" ><span itemprop='name'>No\u00e9<\/span><\/span><span class='av-structured-data'  itemprop=\"datePublished\" datetime=\"2016-06-11T11:09:20+02:00\" >2026-04-27 12:39:02<\/span><span class='av-structured-data'  itemprop=\"dateModified\" itemtype=\"https:\/\/schema.org\/dateModified\" >2026-04-27 12:39:03<\/span><span class='av-structured-data'  itemprop=\"mainEntityOfPage\" itemtype=\"https:\/\/schema.org\/mainEntityOfPage\" ><span itemprop='name'>Dispensaire de Strasbourg : fermeture exceptionnelle du 1er au 10 mai 2026<\/span><\/span><\/span><\/article><\/div><div class=\"slide-entry-wrap\"><article class='slide-entry flex_column  post-entry post-entry-26210 slide-entry-overview slide-loop-7 slide-parity-odd  av_one_third first real-thumbnail posttype-post post-format-standard'  itemscope=\"itemscope\" itemtype=\"https:\/\/schema.org\/CreativeWork\" ><a href='https:\/\/www.fondationassistanceauxanimaux.org\/actu\/sauvetage-de-deux-bergers-allemands-la-colere-ne-nous-quitte-pas-26210\/' data-rel='slide-1' class='slide-image' title='Sauvetage de deux bergers allemands : la col\u00e8re ne nous quitte pas'><img decoding=\"async\" fetchpriority=\"high\" width=\"495\" height=\"400\" src=\"https:\/\/www.fondationassistanceauxanimaux.org\/actu\/wp-content\/uploads\/2026\/04\/1ere-photo-1-495x400.jpg\" class=\"wp-image-26229 avia-img-lazy-loading-not-26229 attachment-portfolio size-portfolio wp-post-image\" alt=\"\" srcset=\"https:\/\/www.fondationassistanceauxanimaux.org\/actu\/wp-content\/uploads\/2026\/04\/1ere-photo-1-495x400.jpg 495w, https:\/\/www.fondationassistanceauxanimaux.org\/actu\/wp-content\/uploads\/2026\/04\/1ere-photo-1-845x684.jpg 845w\" sizes=\"(max-width: 495px) 100vw, 495px\" \/><\/a><div class=\"slide-content\"><header class=\"entry-content-header\" aria-label=\"Slide: Sauvetage de deux bergers allemands : la col\u00e8re ne nous quitte pas\"><span class=\"blog-categories minor-meta\"><a href=\"https:\/\/www.fondationassistanceauxanimaux.org\/actu\/c\/fondation-assistance-aux-animaux\/\" rel=\"tag\">Fondation Assistance Aux Animaux<\/a> <\/span><h3 class='slide-entry-title entry-title '  itemprop=\"headline\" ><a href='https:\/\/www.fondationassistanceauxanimaux.org\/actu\/sauvetage-de-deux-bergers-allemands-la-colere-ne-nous-quitte-pas-26210\/' title='Sauvetage de deux bergers allemands : la col\u00e8re ne nous quitte pas'>Sauvetage de deux bergers allemands : la col\u00e8re ne nous quitte pas<\/a><\/h3><span class=\"av-vertical-delimiter\"><\/span><\/header><div class='slide-entry-excerpt entry-content'  itemprop=\"text\" >\nPriv\u00e9s de libert\u00e9.Priv\u00e9s de nourriture.Priv\u00e9s d\u2019eau.Priv\u00e9s de soins.Verrouill\u00e9s \u00e0 double tour.\n\n\n\nCes deux bergers allemands ont v\u00e9cu l\u2019enfer. Et c\u2019est dans cette r\u00e9alit\u00e9 insupportable que nous intervenons, jour apr\u00e8s jour.\n\n\n\n\n\n\n\n\n\n\n\n\n\n\n\n\n\n\n\n\n\n\n\n\n\n\nL\u2019homme\u2026<\/div><\/div><footer class=\"entry-footer\"><div class=\"slide-meta\"><time class='slide-meta-time updated'  itemprop=\"datePublished\" datetime=\"2026-04-23T16:26:53+02:00\" >23 avril 2026<\/time><\/div><\/footer><span class='hidden'>\n\t\t\t\t<span class='av-structured-data'  itemprop=\"image\" itemscope=\"itemscope\" itemtype=\"https:\/\/schema.org\/ImageObject\" >\n\t\t\t\t\t\t<span itemprop='url'>https:\/\/www.fondationassistanceauxanimaux.org\/actu\/wp-content\/uploads\/2026\/04\/1ere-photo-1.jpg<\/span>\n\t\t\t\t\t\t<span itemprop='height'>1047<\/span>\n\t\t\t\t\t\t<span itemprop='width'>961<\/span>\n\t\t\t\t<\/span>\n\t\t\t\t<span class='av-structured-data'  itemprop=\"publisher\" itemtype=\"https:\/\/schema.org\/Organization\" itemscope=\"itemscope\" >\n\t\t\t\t\t\t<span itemprop='name'>No\u00e9<\/span>\n\t\t\t\t\t\t<span itemprop='logo' itemscope itemtype='https:\/\/schema.org\/ImageObject'>\n\t\t\t\t\t\t\t<span itemprop='url'>https:\/\/www.fondationassistanceauxanimaux.org\/actu\/wp-content\/uploads\/2021\/02\/logo-faaa-so-transp.png<\/span>\n\t\t\t\t\t\t<\/span>\n\t\t\t\t<\/span><span class='av-structured-data'  itemprop=\"author\" itemscope=\"itemscope\" itemtype=\"https:\/\/schema.org\/Person\" ><span itemprop='name'>No\u00e9<\/span><\/span><span class='av-structured-data'  itemprop=\"datePublished\" datetime=\"2016-06-11T11:09:20+02:00\" >2026-04-23 16:26:53<\/span><span class='av-structured-data'  itemprop=\"dateModified\" itemtype=\"https:\/\/schema.org\/dateModified\" >2026-04-24 11:24:03<\/span><span class='av-structured-data'  itemprop=\"mainEntityOfPage\" itemtype=\"https:\/\/schema.org\/mainEntityOfPage\" ><span itemprop='name'>Sauvetage de deux bergers allemands : la col\u00e8re ne nous quitte pas<\/span><\/span><\/span><\/article><article class='slide-entry flex_column  post-entry post-entry-26205 slide-entry-overview slide-loop-8 slide-parity-even  av_one_third  real-thumbnail posttype-post post-format-standard'  itemscope=\"itemscope\" itemtype=\"https:\/\/schema.org\/CreativeWork\" ><a href='https:\/\/www.fondationassistanceauxanimaux.org\/actu\/sortie-pour-palma-pensionnaire-du-refuge-de-villevaude-26205\/' data-rel='slide-1' class='slide-image' title='Sortie pour Palma, pensionnaire du refuge de Villevaud\u00e9'><img decoding=\"async\" fetchpriority=\"high\" width=\"495\" height=\"400\" src=\"https:\/\/www.fondationassistanceauxanimaux.org\/actu\/wp-content\/uploads\/2026\/04\/679829489_1379854750840829_6042697135517349373_n-495x400.jpg\" class=\"wp-image-26206 avia-img-lazy-loading-not-26206 attachment-portfolio size-portfolio wp-post-image\" alt=\"\" srcset=\"https:\/\/www.fondationassistanceauxanimaux.org\/actu\/wp-content\/uploads\/2026\/04\/679829489_1379854750840829_6042697135517349373_n-495x400.jpg 495w, https:\/\/www.fondationassistanceauxanimaux.org\/actu\/wp-content\/uploads\/2026\/04\/679829489_1379854750840829_6042697135517349373_n-845x684.jpg 845w\" sizes=\"(max-width: 495px) 100vw, 495px\" \/><\/a><div class=\"slide-content\"><header class=\"entry-content-header\" aria-label=\"Slide: Sortie pour Palma, pensionnaire du refuge de Villevaud\u00e9\"><span class=\"blog-categories minor-meta\"><a href=\"https:\/\/www.fondationassistanceauxanimaux.org\/actu\/c\/fondation-assistance-aux-animaux\/\" rel=\"tag\">Fondation Assistance Aux Animaux<\/a> <\/span><h3 class='slide-entry-title entry-title '  itemprop=\"headline\" ><a href='https:\/\/www.fondationassistanceauxanimaux.org\/actu\/sortie-pour-palma-pensionnaire-du-refuge-de-villevaude-26205\/' title='Sortie pour Palma, pensionnaire du refuge de Villevaud\u00e9'>Sortie pour Palma, pensionnaire du refuge de Villevaud\u00e9<\/a><\/h3><span class=\"av-vertical-delimiter\"><\/span><\/header><div class='slide-entry-excerpt entry-content'  itemprop=\"text\" >\nPalma va mieux.\n\n\n\nElle a \u00e9t\u00e9 accueillie dans notre refuge Fondation Assistance aux Animaux de Villevaud\u00e9 o\u00f9 elle reprend des forces et d\u00e9couvre la douceur.\n\n\n\n\n\n\n\n\n\n\n\n\n\n\nCette chienne de 11 ans a \u00e9t\u00e9 sauv\u00e9e par la Fondation Assistance\u2026<\/div><\/div><footer class=\"entry-footer\"><div class=\"slide-meta\"><time class='slide-meta-time updated'  itemprop=\"datePublished\" datetime=\"2026-04-23T16:16:51+02:00\" >23 avril 2026<\/time><\/div><\/footer><span class='hidden'>\n\t\t\t\t<span class='av-structured-data'  itemprop=\"image\" itemscope=\"itemscope\" itemtype=\"https:\/\/schema.org\/ImageObject\" >\n\t\t\t\t\t\t<span itemprop='url'>https:\/\/www.fondationassistanceauxanimaux.org\/actu\/wp-content\/uploads\/2026\/04\/679829489_1379854750840829_6042697135517349373_n.jpg<\/span>\n\t\t\t\t\t\t<span itemprop='height'>1080<\/span>\n\t\t\t\t\t\t<span itemprop='width'>1080<\/span>\n\t\t\t\t<\/span>\n\t\t\t\t<span class='av-structured-data'  itemprop=\"publisher\" itemtype=\"https:\/\/schema.org\/Organization\" itemscope=\"itemscope\" >\n\t\t\t\t\t\t<span itemprop='name'>No\u00e9<\/span>\n\t\t\t\t\t\t<span itemprop='logo' itemscope itemtype='https:\/\/schema.org\/ImageObject'>\n\t\t\t\t\t\t\t<span itemprop='url'>https:\/\/www.fondationassistanceauxanimaux.org\/actu\/wp-content\/uploads\/2021\/02\/logo-faaa-so-transp.png<\/span>\n\t\t\t\t\t\t<\/span>\n\t\t\t\t<\/span><span class='av-structured-data'  itemprop=\"author\" itemscope=\"itemscope\" itemtype=\"https:\/\/schema.org\/Person\" ><span itemprop='name'>No\u00e9<\/span><\/span><span class='av-structured-data'  itemprop=\"datePublished\" datetime=\"2016-06-11T11:09:20+02:00\" >2026-04-23 16:16:51<\/span><span class='av-structured-data'  itemprop=\"dateModified\" itemtype=\"https:\/\/schema.org\/dateModified\" >2026-04-23 16:16:51<\/span><span class='av-structured-data'  itemprop=\"mainEntityOfPage\" itemtype=\"https:\/\/schema.org\/mainEntityOfPage\" ><span itemprop='name'>Sortie pour Palma, pensionnaire du refuge de Villevaud\u00e9<\/span><\/span><\/span><\/article><article class='slide-entry flex_column  post-entry post-entry-26199 slide-entry-overview slide-loop-9 slide-parity-odd  av_one_third  real-thumbnail posttype-post post-format-standard'  itemscope=\"itemscope\" itemtype=\"https:\/\/schema.org\/CreativeWork\" ><a href='https:\/\/www.fondationassistanceauxanimaux.org\/actu\/adoption-de-luna-pensionnaire-26199\/' data-rel='slide-1' class='slide-image' title='L&rsquo;adoption de Luna, pensionnaire du refuge de Morainvilliers'><img decoding=\"async\" fetchpriority=\"high\" width=\"495\" height=\"400\" src=\"https:\/\/www.fondationassistanceauxanimaux.org\/actu\/wp-content\/uploads\/2026\/04\/luna-1-495x400.jpeg\" class=\"wp-image-26202 avia-img-lazy-loading-not-26202 attachment-portfolio size-portfolio wp-post-image\" alt=\"\" srcset=\"https:\/\/www.fondationassistanceauxanimaux.org\/actu\/wp-content\/uploads\/2026\/04\/luna-1-495x400.jpeg 495w, https:\/\/www.fondationassistanceauxanimaux.org\/actu\/wp-content\/uploads\/2026\/04\/luna-1-845x684.jpeg 845w\" sizes=\"(max-width: 495px) 100vw, 495px\" \/><\/a><div class=\"slide-content\"><header class=\"entry-content-header\" aria-label=\"Slide: L&#039;adoption de Luna, pensionnaire du refuge de Morainvilliers\"><span class=\"blog-categories minor-meta\"><a href=\"https:\/\/www.fondationassistanceauxanimaux.org\/actu\/c\/fondation-assistance-aux-animaux\/\" rel=\"tag\">Fondation Assistance Aux Animaux<\/a> <\/span><h3 class='slide-entry-title entry-title '  itemprop=\"headline\" ><a href='https:\/\/www.fondationassistanceauxanimaux.org\/actu\/adoption-de-luna-pensionnaire-26199\/' title='L&rsquo;adoption de Luna, pensionnaire du refuge de Morainvilliers'>L&rsquo;adoption de Luna, pensionnaire du refuge de Morainvilliers<\/a><\/h3><span class=\"av-vertical-delimiter\"><\/span><\/header><div class='slide-entry-excerpt entry-content'  itemprop=\"text\" >\nNotre prot\u00e9g\u00e9e Luna, pensionnaire du refuge Fondation Assistance aux Animaux de Morainvilliers, ne sera plus jamais seule : elle a \u00e9t\u00e9 adopt\u00e9e.\n\n\n\nC'est un nouveau d\u00e9part pour cette chatte qui avait \u00e9t\u00e9 abandonn\u00e9e et prise en charge\u2026<\/div><\/div><footer class=\"entry-footer\"><div class=\"slide-meta\"><time class='slide-meta-time updated'  itemprop=\"datePublished\" datetime=\"2026-04-16T18:13:46+02:00\" >16 avril 2026<\/time><\/div><\/footer><span class='hidden'>\n\t\t\t\t<span class='av-structured-data'  itemprop=\"image\" itemscope=\"itemscope\" itemtype=\"https:\/\/schema.org\/ImageObject\" >\n\t\t\t\t\t\t<span itemprop='url'>https:\/\/www.fondationassistanceauxanimaux.org\/actu\/wp-content\/uploads\/2026\/04\/luna-1-scaled.jpeg<\/span>\n\t\t\t\t\t\t<span itemprop='height'>2331<\/span>\n\t\t\t\t\t\t<span itemprop='width'>2560<\/span>\n\t\t\t\t<\/span>\n\t\t\t\t<span class='av-structured-data'  itemprop=\"publisher\" itemtype=\"https:\/\/schema.org\/Organization\" itemscope=\"itemscope\" >\n\t\t\t\t\t\t<span itemprop='name'>No\u00e9<\/span>\n\t\t\t\t\t\t<span itemprop='logo' itemscope itemtype='https:\/\/schema.org\/ImageObject'>\n\t\t\t\t\t\t\t<span itemprop='url'>https:\/\/www.fondationassistanceauxanimaux.org\/actu\/wp-content\/uploads\/2021\/02\/logo-faaa-so-transp.png<\/span>\n\t\t\t\t\t\t<\/span>\n\t\t\t\t<\/span><span class='av-structured-data'  itemprop=\"author\" itemscope=\"itemscope\" itemtype=\"https:\/\/schema.org\/Person\" ><span itemprop='name'>No\u00e9<\/span><\/span><span class='av-structured-data'  itemprop=\"datePublished\" datetime=\"2016-06-11T11:09:20+02:00\" >2026-04-16 18:13:46<\/span><span class='av-structured-data'  itemprop=\"dateModified\" itemtype=\"https:\/\/schema.org\/dateModified\" >2026-04-16 18:13:47<\/span><span class='av-structured-data'  itemprop=\"mainEntityOfPage\" itemtype=\"https:\/\/schema.org\/mainEntityOfPage\" ><span itemprop='name'>L&rsquo;adoption de Luna, pensionnaire du refuge de Morainvilliers<\/span><\/span><\/span><\/article><\/div><div class=\"slide-entry-wrap\"><article class='slide-entry flex_column  post-entry post-entry-26192 slide-entry-overview slide-loop-10 slide-parity-odd  av_one_third first real-thumbnail posttype-post post-format-standard'  itemscope=\"itemscope\" itemtype=\"https:\/\/schema.org\/CreativeWork\" ><a href='https:\/\/www.fondationassistanceauxanimaux.org\/actu\/7-chiots-spitz-a-adopter-26192\/' data-rel='slide-1' class='slide-image' title='7 chiots Spitz attendent aujourd\u2019hui une famille pour la vie au refuge de Bellegarde (Gard)'><img decoding=\"async\" fetchpriority=\"high\" width=\"495\" height=\"400\" src=\"https:\/\/www.fondationassistanceauxanimaux.org\/actu\/wp-content\/uploads\/2026\/04\/spitz-1-1-495x400.jpeg\" class=\"wp-image-26198 avia-img-lazy-loading-not-26198 attachment-portfolio size-portfolio wp-post-image\" alt=\"\" srcset=\"https:\/\/www.fondationassistanceauxanimaux.org\/actu\/wp-content\/uploads\/2026\/04\/spitz-1-1-495x400.jpeg 495w, https:\/\/www.fondationassistanceauxanimaux.org\/actu\/wp-content\/uploads\/2026\/04\/spitz-1-1-845x684.jpeg 845w\" sizes=\"(max-width: 495px) 100vw, 495px\" \/><\/a><div class=\"slide-content\"><header class=\"entry-content-header\" aria-label=\"Slide: 7 chiots Spitz attendent aujourd\u2019hui une famille pour la vie au refuge de Bellegarde (Gard)\"><span class=\"blog-categories minor-meta\"><a href=\"https:\/\/www.fondationassistanceauxanimaux.org\/actu\/c\/fondation-assistance-aux-animaux\/\" rel=\"tag\">Fondation Assistance Aux Animaux<\/a> <\/span><h3 class='slide-entry-title entry-title '  itemprop=\"headline\" ><a href='https:\/\/www.fondationassistanceauxanimaux.org\/actu\/7-chiots-spitz-a-adopter-26192\/' title='7 chiots Spitz attendent aujourd\u2019hui une famille pour la vie au refuge de Bellegarde (Gard)'>7 chiots Spitz attendent aujourd\u2019hui une famille pour la vie au refuge de Bellegarde (Gard)<\/a><\/h3><span class=\"av-vertical-delimiter\"><\/span><\/header><div class='slide-entry-excerpt entry-content'  itemprop=\"text\" >\nAbandonn\u00e9s puis pris en charge par la Fondation Assistance aux Animaux, ce sont 7 chiots Spitz qui ont \u00e9t\u00e9 accueillis au refuge de Bellegarde (Gard).\n\n\n\nIls ont re\u00e7u tous les soins n\u00e9cessaires : vaccin\u00e9s, vermifug\u00e9s et identifi\u00e9s. Ils\u2026<\/div><\/div><footer class=\"entry-footer\"><div class=\"slide-meta\"><time class='slide-meta-time updated'  itemprop=\"datePublished\" datetime=\"2026-04-14T15:16:09+02:00\" >14 avril 2026<\/time><\/div><\/footer><span class='hidden'>\n\t\t\t\t<span class='av-structured-data'  itemprop=\"image\" itemscope=\"itemscope\" itemtype=\"https:\/\/schema.org\/ImageObject\" >\n\t\t\t\t\t\t<span itemprop='url'>https:\/\/www.fondationassistanceauxanimaux.org\/actu\/wp-content\/uploads\/2026\/04\/spitz-1-1.jpeg<\/span>\n\t\t\t\t\t\t<span itemprop='height'>1086<\/span>\n\t\t\t\t\t\t<span itemprop='width'>1200<\/span>\n\t\t\t\t<\/span>\n\t\t\t\t<span class='av-structured-data'  itemprop=\"publisher\" itemtype=\"https:\/\/schema.org\/Organization\" itemscope=\"itemscope\" >\n\t\t\t\t\t\t<span itemprop='name'>No\u00e9<\/span>\n\t\t\t\t\t\t<span itemprop='logo' itemscope itemtype='https:\/\/schema.org\/ImageObject'>\n\t\t\t\t\t\t\t<span itemprop='url'>https:\/\/www.fondationassistanceauxanimaux.org\/actu\/wp-content\/uploads\/2021\/02\/logo-faaa-so-transp.png<\/span>\n\t\t\t\t\t\t<\/span>\n\t\t\t\t<\/span><span class='av-structured-data'  itemprop=\"author\" itemscope=\"itemscope\" itemtype=\"https:\/\/schema.org\/Person\" ><span itemprop='name'>No\u00e9<\/span><\/span><span class='av-structured-data'  itemprop=\"datePublished\" datetime=\"2016-06-11T11:09:20+02:00\" >2026-04-14 15:16:09<\/span><span class='av-structured-data'  itemprop=\"dateModified\" itemtype=\"https:\/\/schema.org\/dateModified\" >2026-04-14 15:16:10<\/span><span class='av-structured-data'  itemprop=\"mainEntityOfPage\" itemtype=\"https:\/\/schema.org\/mainEntityOfPage\" ><span itemprop='name'>7 chiots Spitz attendent aujourd\u2019hui une famille pour la vie au refuge de Bellegarde (Gard)<\/span><\/span><\/span><\/article><article class='slide-entry flex_column  post-entry post-entry-26189 slide-entry-overview slide-loop-11 slide-parity-even  av_one_third  real-thumbnail posttype-post post-format-standard'  itemscope=\"itemscope\" itemtype=\"https:\/\/schema.org\/CreativeWork\" ><a href='https:\/\/www.fondationassistanceauxanimaux.org\/actu\/le-depart-en-famille-daccueil-de-shalimar-un-cocker-sauve-recemment-par-la-fondation-assistance-aux-animaux-26189\/' data-rel='slide-1' class='slide-image' title='Le d\u00e9part en famille d&rsquo;accueil de Shalimar, un cocker sauv\u00e9 r\u00e9cemment par la Fondation Assistance aux Animaux'><img decoding=\"async\" fetchpriority=\"high\" width=\"495\" height=\"400\" src=\"https:\/\/www.fondationassistanceauxanimaux.org\/actu\/wp-content\/uploads\/2026\/04\/672110689_1371891551637149_7570801192527300354_n-495x400.jpg\" class=\"wp-image-26190 avia-img-lazy-loading-not-26190 attachment-portfolio size-portfolio wp-post-image\" alt=\"\" srcset=\"https:\/\/www.fondationassistanceauxanimaux.org\/actu\/wp-content\/uploads\/2026\/04\/672110689_1371891551637149_7570801192527300354_n-495x400.jpg 495w, https:\/\/www.fondationassistanceauxanimaux.org\/actu\/wp-content\/uploads\/2026\/04\/672110689_1371891551637149_7570801192527300354_n-845x684.jpg 845w\" sizes=\"(max-width: 495px) 100vw, 495px\" \/><\/a><div class=\"slide-content\"><header class=\"entry-content-header\" aria-label=\"Slide: Le d\u00e9part en famille d&#039;accueil de Shalimar, un cocker sauv\u00e9 r\u00e9cemment par la Fondation Assistance aux Animaux\"><span class=\"blog-categories minor-meta\"><a href=\"https:\/\/www.fondationassistanceauxanimaux.org\/actu\/c\/fondation-assistance-aux-animaux\/\" rel=\"tag\">Fondation Assistance Aux Animaux<\/a> <\/span><h3 class='slide-entry-title entry-title '  itemprop=\"headline\" ><a href='https:\/\/www.fondationassistanceauxanimaux.org\/actu\/le-depart-en-famille-daccueil-de-shalimar-un-cocker-sauve-recemment-par-la-fondation-assistance-aux-animaux-26189\/' title='Le d\u00e9part en famille d&rsquo;accueil de Shalimar, un cocker sauv\u00e9 r\u00e9cemment par la Fondation Assistance aux Animaux'>Le d\u00e9part en famille d&rsquo;accueil de Shalimar, un cocker sauv\u00e9 r\u00e9cemment par la Fondation Assistance aux Animaux<\/a><\/h3><span class=\"av-vertical-delimiter\"><\/span><\/header><div class='slide-entry-excerpt entry-content'  itemprop=\"text\" >\nShalimar vient de l\u2019\u00e9levage de cockers saisi il y a quelques semaines par la Fondation Assistance Aux Animaux.\n\n\n\nApr\u00e8s avoir re\u00e7u les soins n\u00e9cessaires \u00e0 son r\u00e9tablissement et beaucoup d\u2019attention de notre \u00e9quipe du Refuge de Morainvilliers,\u2026<\/div><\/div><footer class=\"entry-footer\"><div class=\"slide-meta\"><time class='slide-meta-time updated'  itemprop=\"datePublished\" datetime=\"2026-04-13T19:46:59+02:00\" >13 avril 2026<\/time><\/div><\/footer><span class='hidden'>\n\t\t\t\t<span class='av-structured-data'  itemprop=\"image\" itemscope=\"itemscope\" itemtype=\"https:\/\/schema.org\/ImageObject\" >\n\t\t\t\t\t\t<span itemprop='url'>https:\/\/www.fondationassistanceauxanimaux.org\/actu\/wp-content\/uploads\/2026\/04\/672110689_1371891551637149_7570801192527300354_n.jpg<\/span>\n\t\t\t\t\t\t<span itemprop='height'>921<\/span>\n\t\t\t\t\t\t<span itemprop='width'>921<\/span>\n\t\t\t\t<\/span>\n\t\t\t\t<span class='av-structured-data'  itemprop=\"publisher\" itemtype=\"https:\/\/schema.org\/Organization\" itemscope=\"itemscope\" >\n\t\t\t\t\t\t<span itemprop='name'>No\u00e9<\/span>\n\t\t\t\t\t\t<span itemprop='logo' itemscope itemtype='https:\/\/schema.org\/ImageObject'>\n\t\t\t\t\t\t\t<span itemprop='url'>https:\/\/www.fondationassistanceauxanimaux.org\/actu\/wp-content\/uploads\/2021\/02\/logo-faaa-so-transp.png<\/span>\n\t\t\t\t\t\t<\/span>\n\t\t\t\t<\/span><span class='av-structured-data'  itemprop=\"author\" itemscope=\"itemscope\" itemtype=\"https:\/\/schema.org\/Person\" ><span itemprop='name'>No\u00e9<\/span><\/span><span class='av-structured-data'  itemprop=\"datePublished\" datetime=\"2016-06-11T11:09:20+02:00\" >2026-04-13 19:46:59<\/span><span class='av-structured-data'  itemprop=\"dateModified\" itemtype=\"https:\/\/schema.org\/dateModified\" >2026-04-13 19:47:01<\/span><span class='av-structured-data'  itemprop=\"mainEntityOfPage\" itemtype=\"https:\/\/schema.org\/mainEntityOfPage\" ><span itemprop='name'>Le d\u00e9part en famille d&rsquo;accueil de Shalimar, un cocker sauv\u00e9 r\u00e9cemment par la Fondation Assistance aux Animaux<\/span><\/span><\/span><\/article><article class='slide-entry flex_column  post-entry post-entry-26182 slide-entry-overview slide-loop-12 slide-parity-odd  av_one_third  real-thumbnail posttype-post post-format-standard'  itemscope=\"itemscope\" itemtype=\"https:\/\/schema.org\/CreativeWork\" ><a href='https:\/\/www.fondationassistanceauxanimaux.org\/actu\/une-parenthese-de-bonheur-pour-nos-doyens-du-refuge-de-furiani-26182\/' data-rel='slide-1' class='slide-image' title='Une parenth\u00e8se de bonheur pour nos doyens du refuge de Furiani'><img decoding=\"async\" fetchpriority=\"high\" width=\"495\" height=\"400\" src=\"https:\/\/www.fondationassistanceauxanimaux.org\/actu\/wp-content\/uploads\/2026\/04\/607134939_122161232204718697_5982645381369006320_n-1-495x400.jpg\" class=\"wp-image-26186 avia-img-lazy-loading-not-26186 attachment-portfolio size-portfolio wp-post-image\" alt=\"\" srcset=\"https:\/\/www.fondationassistanceauxanimaux.org\/actu\/wp-content\/uploads\/2026\/04\/607134939_122161232204718697_5982645381369006320_n-1-495x400.jpg 495w, https:\/\/www.fondationassistanceauxanimaux.org\/actu\/wp-content\/uploads\/2026\/04\/607134939_122161232204718697_5982645381369006320_n-1-845x684.jpg 845w\" sizes=\"(max-width: 495px) 100vw, 495px\" \/><\/a><div class=\"slide-content\"><header class=\"entry-content-header\" aria-label=\"Slide: Une parenth\u00e8se de bonheur pour nos doyens du refuge de Furiani\"><span class=\"blog-categories minor-meta\"><a href=\"https:\/\/www.fondationassistanceauxanimaux.org\/actu\/c\/fondation-assistance-aux-animaux\/\" rel=\"tag\">Fondation Assistance Aux Animaux<\/a> <\/span><h3 class='slide-entry-title entry-title '  itemprop=\"headline\" ><a href='https:\/\/www.fondationassistanceauxanimaux.org\/actu\/une-parenthese-de-bonheur-pour-nos-doyens-du-refuge-de-furiani-26182\/' title='Une parenth\u00e8se de bonheur pour nos doyens du refuge de Furiani'>Une parenth\u00e8se de bonheur pour nos doyens du refuge de Furiani<\/a><\/h3><span class=\"av-vertical-delimiter\"><\/span><\/header><div class='slide-entry-excerpt entry-content'  itemprop=\"text\" >\nDans les refuges de la Fondation Assistance aux Animaux, certains pensionnaires avancent plus doucement que les autres\u2026 mais leur envie de profiter de chaque instant, elle, reste intacte.\n\n\n\nR\u00e9cemment, trois de nos chiens s\u00e9niors du refuge\u2026<\/div><\/div><footer class=\"entry-footer\"><div class=\"slide-meta\"><time class='slide-meta-time updated'  itemprop=\"datePublished\" datetime=\"2026-04-09T12:21:55+02:00\" >9 avril 2026<\/time><\/div><\/footer><span class='hidden'>\n\t\t\t\t<span class='av-structured-data'  itemprop=\"image\" itemscope=\"itemscope\" itemtype=\"https:\/\/schema.org\/ImageObject\" >\n\t\t\t\t\t\t<span itemprop='url'>https:\/\/www.fondationassistanceauxanimaux.org\/actu\/wp-content\/uploads\/2026\/04\/607134939_122161232204718697_5982645381369006320_n-1.jpg<\/span>\n\t\t\t\t\t\t<span itemprop='height'>1132<\/span>\n\t\t\t\t\t\t<span itemprop='width'>1365<\/span>\n\t\t\t\t<\/span>\n\t\t\t\t<span class='av-structured-data'  itemprop=\"publisher\" itemtype=\"https:\/\/schema.org\/Organization\" itemscope=\"itemscope\" >\n\t\t\t\t\t\t<span itemprop='name'>No\u00e9<\/span>\n\t\t\t\t\t\t<span itemprop='logo' itemscope itemtype='https:\/\/schema.org\/ImageObject'>\n\t\t\t\t\t\t\t<span itemprop='url'>https:\/\/www.fondationassistanceauxanimaux.org\/actu\/wp-content\/uploads\/2021\/02\/logo-faaa-so-transp.png<\/span>\n\t\t\t\t\t\t<\/span>\n\t\t\t\t<\/span><span class='av-structured-data'  itemprop=\"author\" itemscope=\"itemscope\" itemtype=\"https:\/\/schema.org\/Person\" ><span itemprop='name'>No\u00e9<\/span><\/span><span class='av-structured-data'  itemprop=\"datePublished\" datetime=\"2016-06-11T11:09:20+02:00\" >2026-04-09 12:21:55<\/span><span class='av-structured-data'  itemprop=\"dateModified\" itemtype=\"https:\/\/schema.org\/dateModified\" >2026-04-09 12:21:55<\/span><span class='av-structured-data'  itemprop=\"mainEntityOfPage\" itemtype=\"https:\/\/schema.org\/mainEntityOfPage\" ><span itemprop='name'>Une parenth\u00e8se de bonheur pour nos doyens du refuge de Furiani<\/span><\/span><\/span><\/article><\/div><div class=\"slide-entry-wrap\"><article class='slide-entry flex_column  post-entry post-entry-26179 slide-entry-overview slide-loop-13 slide-parity-odd  av_one_third first real-thumbnail posttype-post post-format-standard'  itemscope=\"itemscope\" itemtype=\"https:\/\/schema.org\/CreativeWork\" ><a href='https:\/\/www.fondationassistanceauxanimaux.org\/actu\/leotaud-ou-toto-pour-les-intimes-26179\/' data-rel='slide-1' class='slide-image' title='Leotaud\u2026 ou Toto pour les intimes !'><img decoding=\"async\" fetchpriority=\"high\" width=\"495\" height=\"400\" src=\"https:\/\/www.fondationassistanceauxanimaux.org\/actu\/wp-content\/uploads\/2026\/04\/IMG_65721-495x400.jpg\" class=\"wp-image-26180 avia-img-lazy-loading-not-26180 attachment-portfolio size-portfolio wp-post-image\" alt=\"\" srcset=\"https:\/\/www.fondationassistanceauxanimaux.org\/actu\/wp-content\/uploads\/2026\/04\/IMG_65721-495x400.jpg 495w, https:\/\/www.fondationassistanceauxanimaux.org\/actu\/wp-content\/uploads\/2026\/04\/IMG_65721-845x684.jpg 845w\" sizes=\"(max-width: 495px) 100vw, 495px\" \/><\/a><div class=\"slide-content\"><header class=\"entry-content-header\" aria-label=\"Slide: Leotaud\u2026 ou Toto pour les intimes !\"><span class=\"blog-categories minor-meta\"><a href=\"https:\/\/www.fondationassistanceauxanimaux.org\/actu\/c\/fondation-assistance-aux-animaux\/\" rel=\"tag\">Fondation Assistance Aux Animaux<\/a> <\/span><h3 class='slide-entry-title entry-title '  itemprop=\"headline\" ><a href='https:\/\/www.fondationassistanceauxanimaux.org\/actu\/leotaud-ou-toto-pour-les-intimes-26179\/' title='Leotaud\u2026 ou Toto pour les intimes !'>Leotaud\u2026 ou Toto pour les intimes !<\/a><\/h3><span class=\"av-vertical-delimiter\"><\/span><\/header><div class='slide-entry-excerpt entry-content'  itemprop=\"text\" >\nDans notre \u00e9tablissement des Alpes-Maritimes (maison de retraite pour chats), Monsieur Toto ma\u00eetrise un art essentiel : celui de la sieste parfaite. Un rayon de soleil, un coin tranquille\u2026 et le voil\u00e0 parti pour de longues heures de repos\u2026<\/div><\/div><footer class=\"entry-footer\"><div class=\"slide-meta\"><time class='slide-meta-time updated'  itemprop=\"datePublished\" datetime=\"2026-04-08T13:55:48+02:00\" >8 avril 2026<\/time><\/div><\/footer><span class='hidden'>\n\t\t\t\t<span class='av-structured-data'  itemprop=\"image\" itemscope=\"itemscope\" itemtype=\"https:\/\/schema.org\/ImageObject\" >\n\t\t\t\t\t\t<span itemprop='url'>https:\/\/www.fondationassistanceauxanimaux.org\/actu\/wp-content\/uploads\/2026\/04\/IMG_65721.jpg<\/span>\n\t\t\t\t\t\t<span itemprop='height'>1280<\/span>\n\t\t\t\t\t\t<span itemprop='width'>882<\/span>\n\t\t\t\t<\/span>\n\t\t\t\t<span class='av-structured-data'  itemprop=\"publisher\" itemtype=\"https:\/\/schema.org\/Organization\" itemscope=\"itemscope\" >\n\t\t\t\t\t\t<span itemprop='name'>No\u00e9<\/span>\n\t\t\t\t\t\t<span itemprop='logo' itemscope itemtype='https:\/\/schema.org\/ImageObject'>\n\t\t\t\t\t\t\t<span itemprop='url'>https:\/\/www.fondationassistanceauxanimaux.org\/actu\/wp-content\/uploads\/2021\/02\/logo-faaa-so-transp.png<\/span>\n\t\t\t\t\t\t<\/span>\n\t\t\t\t<\/span><span class='av-structured-data'  itemprop=\"author\" itemscope=\"itemscope\" itemtype=\"https:\/\/schema.org\/Person\" ><span itemprop='name'>No\u00e9<\/span><\/span><span class='av-structured-data'  itemprop=\"datePublished\" datetime=\"2016-06-11T11:09:20+02:00\" >2026-04-08 13:55:48<\/span><span class='av-structured-data'  itemprop=\"dateModified\" itemtype=\"https:\/\/schema.org\/dateModified\" >2026-04-08 13:55:49<\/span><span class='av-structured-data'  itemprop=\"mainEntityOfPage\" itemtype=\"https:\/\/schema.org\/mainEntityOfPage\" ><span itemprop='name'>Leotaud\u2026 ou Toto pour les intimes !<\/span><\/span><\/span><\/article><article class='slide-entry flex_column  post-entry post-entry-26160 slide-entry-overview slide-loop-14 slide-parity-even  av_one_third  real-thumbnail posttype-post post-format-standard'  itemscope=\"itemscope\" itemtype=\"https:\/\/schema.org\/CreativeWork\" ><a href='https:\/\/www.fondationassistanceauxanimaux.org\/actu\/yvelines-sauvetage-chien-resigne-26160\/' data-rel='slide-1' class='slide-image' title='Yvelines (78) : sauvetage d&rsquo;un chien r\u00e9sign\u00e9'><img decoding=\"async\" fetchpriority=\"high\" width=\"495\" height=\"400\" src=\"https:\/\/www.fondationassistanceauxanimaux.org\/actu\/wp-content\/uploads\/2026\/04\/unnamed-file-495x400.jpg\" class=\"wp-image-26178 avia-img-lazy-loading-not-26178 attachment-portfolio size-portfolio wp-post-image\" alt=\"\" \/><\/a><div class=\"slide-content\"><header class=\"entry-content-header\" aria-label=\"Slide: Yvelines (78) : sauvetage d&#039;un chien r\u00e9sign\u00e9\"><span class=\"blog-categories minor-meta\"><a href=\"https:\/\/www.fondationassistanceauxanimaux.org\/actu\/c\/fondation-assistance-aux-animaux\/\" rel=\"tag\">Fondation Assistance Aux Animaux<\/a> <\/span><h3 class='slide-entry-title entry-title '  itemprop=\"headline\" ><a href='https:\/\/www.fondationassistanceauxanimaux.org\/actu\/yvelines-sauvetage-chien-resigne-26160\/' title='Yvelines (78) : sauvetage d&rsquo;un chien r\u00e9sign\u00e9'>Yvelines (78) : sauvetage d&rsquo;un chien r\u00e9sign\u00e9<\/a><\/h3><span class=\"av-vertical-delimiter\"><\/span><\/header><div class='slide-entry-excerpt entry-content'  itemprop=\"text\" >\nIl \u00e9tait fig\u00e9 l\u00e0 depuis des ann\u00e9es, contraint par un collier \u00e9trangleur fix\u00e9 \u00e0 un m\u00e8tre de cha\u00eene et condamn\u00e9 \u00e0 stagner pr\u00e8s d'un monticule d'excr\u00e9ments putr\u00e9fi\u00e9s.\u00a0\n\n\n\nLe regard absent, il ne r\u00e9pond pas aux sollicitations de\u2026<\/div><\/div><footer class=\"entry-footer\"><div class=\"slide-meta\"><time class='slide-meta-time updated'  itemprop=\"datePublished\" datetime=\"2026-04-07T16:09:36+02:00\" >7 avril 2026<\/time><\/div><\/footer><span class='hidden'>\n\t\t\t\t<span class='av-structured-data'  itemprop=\"image\" itemscope=\"itemscope\" itemtype=\"https:\/\/schema.org\/ImageObject\" >\n\t\t\t\t\t\t<span itemprop='url'>https:\/\/www.fondationassistanceauxanimaux.org\/actu\/wp-content\/uploads\/2026\/04\/unnamed-file.jpg<\/span>\n\t\t\t\t\t\t<span itemprop='height'>678<\/span>\n\t\t\t\t\t\t<span itemprop='width'>905<\/span>\n\t\t\t\t<\/span>\n\t\t\t\t<span class='av-structured-data'  itemprop=\"publisher\" itemtype=\"https:\/\/schema.org\/Organization\" itemscope=\"itemscope\" >\n\t\t\t\t\t\t<span itemprop='name'>No\u00e9<\/span>\n\t\t\t\t\t\t<span itemprop='logo' itemscope itemtype='https:\/\/schema.org\/ImageObject'>\n\t\t\t\t\t\t\t<span itemprop='url'>https:\/\/www.fondationassistanceauxanimaux.org\/actu\/wp-content\/uploads\/2021\/02\/logo-faaa-so-transp.png<\/span>\n\t\t\t\t\t\t<\/span>\n\t\t\t\t<\/span><span class='av-structured-data'  itemprop=\"author\" itemscope=\"itemscope\" itemtype=\"https:\/\/schema.org\/Person\" ><span itemprop='name'>No\u00e9<\/span><\/span><span class='av-structured-data'  itemprop=\"datePublished\" datetime=\"2016-06-11T11:09:20+02:00\" >2026-04-07 16:09:36<\/span><span class='av-structured-data'  itemprop=\"dateModified\" itemtype=\"https:\/\/schema.org\/dateModified\" >2026-04-07 16:16:23<\/span><span class='av-structured-data'  itemprop=\"mainEntityOfPage\" itemtype=\"https:\/\/schema.org\/mainEntityOfPage\" ><span itemprop='name'>Yvelines (78) : sauvetage d&rsquo;un chien r\u00e9sign\u00e9<\/span><\/span><\/span><\/article><article class='slide-entry flex_column  post-entry post-entry-26156 slide-entry-overview slide-loop-15 slide-parity-odd  av_one_third  real-thumbnail posttype-post post-format-standard'  itemscope=\"itemscope\" itemtype=\"https:\/\/schema.org\/CreativeWork\" ><a href='https:\/\/www.fondationassistanceauxanimaux.org\/actu\/portrait-de-scott-refuge-villevaude-26156\/' data-rel='slide-1' class='slide-image' title='Portrait de Scott, \u00e0 l&rsquo;adoption au refuge de Villevaud\u00e9'><img decoding=\"async\" fetchpriority=\"high\" width=\"495\" height=\"400\" src=\"https:\/\/www.fondationassistanceauxanimaux.org\/actu\/wp-content\/uploads\/2026\/04\/scott-495x400.jpg\" class=\"wp-image-26157 avia-img-lazy-loading-not-26157 attachment-portfolio size-portfolio wp-post-image\" alt=\"\" srcset=\"https:\/\/www.fondationassistanceauxanimaux.org\/actu\/wp-content\/uploads\/2026\/04\/scott-495x400.jpg 495w, https:\/\/www.fondationassistanceauxanimaux.org\/actu\/wp-content\/uploads\/2026\/04\/scott-845x684.jpg 845w\" sizes=\"(max-width: 495px) 100vw, 495px\" \/><\/a><div class=\"slide-content\"><header class=\"entry-content-header\" aria-label=\"Slide: Portrait de Scott, \u00e0 l&#039;adoption au refuge de Villevaud\u00e9\"><span class=\"blog-categories minor-meta\"><a href=\"https:\/\/www.fondationassistanceauxanimaux.org\/actu\/c\/fondation-assistance-aux-animaux\/\" rel=\"tag\">Fondation Assistance Aux Animaux<\/a> <\/span><h3 class='slide-entry-title entry-title '  itemprop=\"headline\" ><a href='https:\/\/www.fondationassistanceauxanimaux.org\/actu\/portrait-de-scott-refuge-villevaude-26156\/' title='Portrait de Scott, \u00e0 l&rsquo;adoption au refuge de Villevaud\u00e9'>Portrait de Scott, \u00e0 l&rsquo;adoption au refuge de Villevaud\u00e9<\/a><\/h3><span class=\"av-vertical-delimiter\"><\/span><\/header><div class='slide-entry-excerpt entry-content'  itemprop=\"text\" >\nScott a 4 ans. Il n\u2019en est pas \u00e0 sa premi\u00e8re histoire avec le refuge de Villevaud\u00e9. Adopt\u00e9 alors qu\u2019il n\u2019\u00e9tait encore qu\u2019un chiot, il a malheureusement \u00e9t\u00e9 ramen\u00e9 \u00e0 l\u2019\u00e2ge de 2 ans, sa famille ne pouvant plus r\u00e9pondre \u00e0\u2026<\/div><\/div><footer class=\"entry-footer\"><div class=\"slide-meta\"><time class='slide-meta-time updated'  itemprop=\"datePublished\" datetime=\"2026-04-03T08:39:20+02:00\" >3 avril 2026<\/time><\/div><\/footer><span class='hidden'>\n\t\t\t\t<span class='av-structured-data'  itemprop=\"image\" itemscope=\"itemscope\" itemtype=\"https:\/\/schema.org\/ImageObject\" >\n\t\t\t\t\t\t<span itemprop='url'>https:\/\/www.fondationassistanceauxanimaux.org\/actu\/wp-content\/uploads\/2026\/04\/scott.jpg<\/span>\n\t\t\t\t\t\t<span itemprop='height'>1920<\/span>\n\t\t\t\t\t\t<span itemprop='width'>1440<\/span>\n\t\t\t\t<\/span>\n\t\t\t\t<span class='av-structured-data'  itemprop=\"publisher\" itemtype=\"https:\/\/schema.org\/Organization\" itemscope=\"itemscope\" >\n\t\t\t\t\t\t<span itemprop='name'>No\u00e9<\/span>\n\t\t\t\t\t\t<span itemprop='logo' itemscope itemtype='https:\/\/schema.org\/ImageObject'>\n\t\t\t\t\t\t\t<span itemprop='url'>https:\/\/www.fondationassistanceauxanimaux.org\/actu\/wp-content\/uploads\/2021\/02\/logo-faaa-so-transp.png<\/span>\n\t\t\t\t\t\t<\/span>\n\t\t\t\t<\/span><span class='av-structured-data'  itemprop=\"author\" itemscope=\"itemscope\" itemtype=\"https:\/\/schema.org\/Person\" ><span itemprop='name'>No\u00e9<\/span><\/span><span class='av-structured-data'  itemprop=\"datePublished\" datetime=\"2016-06-11T11:09:20+02:00\" >2026-04-03 08:39:20<\/span><span class='av-structured-data'  itemprop=\"dateModified\" itemtype=\"https:\/\/schema.org\/dateModified\" >2026-04-03 08:39:21<\/span><span class='av-structured-data'  itemprop=\"mainEntityOfPage\" itemtype=\"https:\/\/schema.org\/mainEntityOfPage\" ><span itemprop='name'>Portrait de Scott, \u00e0 l&rsquo;adoption au refuge de Villevaud\u00e9<\/span><\/span><\/span><\/article><\/div><div class=\"slide-entry-wrap\"><article class='slide-entry flex_column  post-entry post-entry-26146 slide-entry-overview slide-loop-16 slide-parity-odd  av_one_third first real-thumbnail posttype-post post-format-standard'  itemscope=\"itemscope\" itemtype=\"https:\/\/schema.org\/CreativeWork\" ><a href='https:\/\/www.fondationassistanceauxanimaux.org\/actu\/la-renaissance-de-tonnerre-petit-protege-de-la-fondation-26146\/' data-rel='slide-1' class='slide-image' title='La renaissance de Tonnerre, petit prot\u00e9g\u00e9 de la Fondation'><img decoding=\"async\" fetchpriority=\"high\" width=\"495\" height=\"400\" src=\"https:\/\/www.fondationassistanceauxanimaux.org\/actu\/wp-content\/uploads\/2026\/04\/tonnerre-495x400.jpeg\" class=\"wp-image-26147 avia-img-lazy-loading-not-26147 attachment-portfolio size-portfolio wp-post-image\" alt=\"\" srcset=\"https:\/\/www.fondationassistanceauxanimaux.org\/actu\/wp-content\/uploads\/2026\/04\/tonnerre-495x400.jpeg 495w, https:\/\/www.fondationassistanceauxanimaux.org\/actu\/wp-content\/uploads\/2026\/04\/tonnerre-845x684.jpeg 845w\" sizes=\"(max-width: 495px) 100vw, 495px\" \/><\/a><div class=\"slide-content\"><header class=\"entry-content-header\" aria-label=\"Slide: La renaissance de Tonnerre, petit prot\u00e9g\u00e9 de la Fondation\"><span class=\"blog-categories minor-meta\"><a href=\"https:\/\/www.fondationassistanceauxanimaux.org\/actu\/c\/fondation-assistance-aux-animaux\/\" rel=\"tag\">Fondation Assistance Aux Animaux<\/a> <\/span><h3 class='slide-entry-title entry-title '  itemprop=\"headline\" ><a href='https:\/\/www.fondationassistanceauxanimaux.org\/actu\/la-renaissance-de-tonnerre-petit-protege-de-la-fondation-26146\/' title='La renaissance de Tonnerre, petit prot\u00e9g\u00e9 de la Fondation'>La renaissance de Tonnerre, petit prot\u00e9g\u00e9 de la Fondation<\/a><\/h3><span class=\"av-vertical-delimiter\"><\/span><\/header><div class='slide-entry-excerpt entry-content'  itemprop=\"text\" >\nL\u2019histoire de Tonnerre aurait pu s\u2019arr\u00eater bien trop t\u00f4t. Elle est aujourd\u2019hui celle d\u2019un nouveau d\u00e9part.\n\n\n\nEn octobre 2025, le service enqu\u00eates de la Fondation Assistance aux Animaux intervenait dans une habitation insalubre pour\u2026<\/div><\/div><footer class=\"entry-footer\"><div class=\"slide-meta\"><time class='slide-meta-time updated'  itemprop=\"datePublished\" datetime=\"2026-04-02T07:46:47+02:00\" >2 avril 2026<\/time><\/div><\/footer><span class='hidden'>\n\t\t\t\t<span class='av-structured-data'  itemprop=\"image\" itemscope=\"itemscope\" itemtype=\"https:\/\/schema.org\/ImageObject\" >\n\t\t\t\t\t\t<span itemprop='url'>https:\/\/www.fondationassistanceauxanimaux.org\/actu\/wp-content\/uploads\/2026\/04\/tonnerre-scaled.jpeg<\/span>\n\t\t\t\t\t\t<span itemprop='height'>2560<\/span>\n\t\t\t\t\t\t<span itemprop='width'>1883<\/span>\n\t\t\t\t<\/span>\n\t\t\t\t<span class='av-structured-data'  itemprop=\"publisher\" itemtype=\"https:\/\/schema.org\/Organization\" itemscope=\"itemscope\" >\n\t\t\t\t\t\t<span itemprop='name'>No\u00e9<\/span>\n\t\t\t\t\t\t<span itemprop='logo' itemscope itemtype='https:\/\/schema.org\/ImageObject'>\n\t\t\t\t\t\t\t<span itemprop='url'>https:\/\/www.fondationassistanceauxanimaux.org\/actu\/wp-content\/uploads\/2021\/02\/logo-faaa-so-transp.png<\/span>\n\t\t\t\t\t\t<\/span>\n\t\t\t\t<\/span><span class='av-structured-data'  itemprop=\"author\" itemscope=\"itemscope\" itemtype=\"https:\/\/schema.org\/Person\" ><span itemprop='name'>No\u00e9<\/span><\/span><span class='av-structured-data'  itemprop=\"datePublished\" datetime=\"2016-06-11T11:09:20+02:00\" >2026-04-02 07:46:47<\/span><span class='av-structured-data'  itemprop=\"dateModified\" itemtype=\"https:\/\/schema.org\/dateModified\" >2026-04-02 07:46:47<\/span><span class='av-structured-data'  itemprop=\"mainEntityOfPage\" itemtype=\"https:\/\/schema.org\/mainEntityOfPage\" ><span itemprop='name'>La renaissance de Tonnerre, petit prot\u00e9g\u00e9 de la Fondation<\/span><\/span><\/span><\/article><article class='slide-entry flex_column  post-entry post-entry-26138 slide-entry-overview slide-loop-17 slide-parity-even  av_one_third  real-thumbnail posttype-post post-format-standard'  itemscope=\"itemscope\" itemtype=\"https:\/\/schema.org\/CreativeWork\" ><a href='https:\/\/www.fondationassistanceauxanimaux.org\/actu\/quelques-images-de-bonheur-adoption-26138\/' data-rel='slide-1' class='slide-image' title='Quelques images de bonheur\u2026 et de nouvelles vies qui commencent'><img decoding=\"async\" fetchpriority=\"high\" width=\"495\" height=\"400\" src=\"https:\/\/www.fondationassistanceauxanimaux.org\/actu\/wp-content\/uploads\/2026\/04\/ocalipso-1-495x400.jpeg\" class=\"wp-image-26145 avia-img-lazy-loading-not-26145 attachment-portfolio size-portfolio wp-post-image\" alt=\"\" srcset=\"https:\/\/www.fondationassistanceauxanimaux.org\/actu\/wp-content\/uploads\/2026\/04\/ocalipso-1-495x400.jpeg 495w, https:\/\/www.fondationassistanceauxanimaux.org\/actu\/wp-content\/uploads\/2026\/04\/ocalipso-1-845x684.jpeg 845w\" sizes=\"(max-width: 495px) 100vw, 495px\" \/><\/a><div class=\"slide-content\"><header class=\"entry-content-header\" aria-label=\"Slide: Quelques images de bonheur\u2026 et de nouvelles vies qui commencent\"><span class=\"blog-categories minor-meta\"><a href=\"https:\/\/www.fondationassistanceauxanimaux.org\/actu\/c\/fondation-assistance-aux-animaux\/\" rel=\"tag\">Fondation Assistance Aux Animaux<\/a> <\/span><h3 class='slide-entry-title entry-title '  itemprop=\"headline\" ><a href='https:\/\/www.fondationassistanceauxanimaux.org\/actu\/quelques-images-de-bonheur-adoption-26138\/' title='Quelques images de bonheur\u2026 et de nouvelles vies qui commencent'>Quelques images de bonheur\u2026 et de nouvelles vies qui commencent<\/a><\/h3><span class=\"av-vertical-delimiter\"><\/span><\/header><div class='slide-entry-excerpt entry-content'  itemprop=\"text\" >\nCes chiens et chats font partie des derniers prot\u00e9g\u00e9s du refuge de\u00a0Morainvilliers\u00a0\u00e0 avoir trouv\u00e9 leur famille. Ils ont quitt\u00e9 le refuge dans les bras de leurs adoptants, pour rejoindre un foyer, une pr\u00e9sence, une vie remplie d\u2019attention\u2026<\/div><\/div><footer class=\"entry-footer\"><div class=\"slide-meta\"><time class='slide-meta-time updated'  itemprop=\"datePublished\" datetime=\"2026-04-01T17:26:47+02:00\" >1 avril 2026<\/time><\/div><\/footer><span class='hidden'>\n\t\t\t\t<span class='av-structured-data'  itemprop=\"image\" itemscope=\"itemscope\" itemtype=\"https:\/\/schema.org\/ImageObject\" >\n\t\t\t\t\t\t<span itemprop='url'>https:\/\/www.fondationassistanceauxanimaux.org\/actu\/wp-content\/uploads\/2026\/04\/ocalipso-1-scaled.jpeg<\/span>\n\t\t\t\t\t\t<span itemprop='height'>2342<\/span>\n\t\t\t\t\t\t<span itemprop='width'>2560<\/span>\n\t\t\t\t<\/span>\n\t\t\t\t<span class='av-structured-data'  itemprop=\"publisher\" itemtype=\"https:\/\/schema.org\/Organization\" itemscope=\"itemscope\" >\n\t\t\t\t\t\t<span itemprop='name'>No\u00e9<\/span>\n\t\t\t\t\t\t<span itemprop='logo' itemscope itemtype='https:\/\/schema.org\/ImageObject'>\n\t\t\t\t\t\t\t<span itemprop='url'>https:\/\/www.fondationassistanceauxanimaux.org\/actu\/wp-content\/uploads\/2021\/02\/logo-faaa-so-transp.png<\/span>\n\t\t\t\t\t\t<\/span>\n\t\t\t\t<\/span><span class='av-structured-data'  itemprop=\"author\" itemscope=\"itemscope\" itemtype=\"https:\/\/schema.org\/Person\" ><span itemprop='name'>No\u00e9<\/span><\/span><span class='av-structured-data'  itemprop=\"datePublished\" datetime=\"2016-06-11T11:09:20+02:00\" >2026-04-01 17:26:47<\/span><span class='av-structured-data'  itemprop=\"dateModified\" itemtype=\"https:\/\/schema.org\/dateModified\" >2026-04-02 07:47:46<\/span><span class='av-structured-data'  itemprop=\"mainEntityOfPage\" itemtype=\"https:\/\/schema.org\/mainEntityOfPage\" ><span itemprop='name'>Quelques images de bonheur\u2026 et de nouvelles vies qui commencent<\/span><\/span><\/span><\/article><article class='slide-entry flex_column  post-entry post-entry-26132 slide-entry-overview slide-loop-18 slide-parity-odd  av_one_third  real-thumbnail posttype-post post-format-standard'  itemscope=\"itemscope\" itemtype=\"https:\/\/schema.org\/CreativeWork\" ><a href='https:\/\/www.fondationassistanceauxanimaux.org\/actu\/portrait-de-bastet-a-ladoption-au-refuge-de-furiani-26132\/' data-rel='slide-1' class='slide-image' title='Portrait de Bastet, \u00e0 l&rsquo;adoption au refuge de Furiani'><img decoding=\"async\" fetchpriority=\"high\" width=\"495\" height=\"400\" src=\"https:\/\/www.fondationassistanceauxanimaux.org\/actu\/wp-content\/uploads\/2026\/03\/bastet2-1-495x400.jpeg\" class=\"wp-image-26136 avia-img-lazy-loading-not-26136 attachment-portfolio size-portfolio wp-post-image\" alt=\"\" srcset=\"https:\/\/www.fondationassistanceauxanimaux.org\/actu\/wp-content\/uploads\/2026\/03\/bastet2-1-495x400.jpeg 495w, https:\/\/www.fondationassistanceauxanimaux.org\/actu\/wp-content\/uploads\/2026\/03\/bastet2-1-845x684.jpeg 845w\" sizes=\"(max-width: 495px) 100vw, 495px\" \/><\/a><div class=\"slide-content\"><header class=\"entry-content-header\" aria-label=\"Slide: Portrait de Bastet, \u00e0 l&#039;adoption au refuge de Furiani\"><span class=\"blog-categories minor-meta\"><a href=\"https:\/\/www.fondationassistanceauxanimaux.org\/actu\/c\/fondation-assistance-aux-animaux\/\" rel=\"tag\">Fondation Assistance Aux Animaux<\/a> <\/span><h3 class='slide-entry-title entry-title '  itemprop=\"headline\" ><a href='https:\/\/www.fondationassistanceauxanimaux.org\/actu\/portrait-de-bastet-a-ladoption-au-refuge-de-furiani-26132\/' title='Portrait de Bastet, \u00e0 l&rsquo;adoption au refuge de Furiani'>Portrait de Bastet, \u00e0 l&rsquo;adoption au refuge de Furiani<\/a><\/h3><span class=\"av-vertical-delimiter\"><\/span><\/header><div class='slide-entry-excerpt entry-content'  itemprop=\"text\" >\nBastet est une adorable minette de 6 ans. Elle a \u00e9t\u00e9 accueillie au refuge Fondation Assistance aux Animaux de Furiani d\u00e9but f\u00e9vrier. \n\n\n\nDouce et tr\u00e8s sociable, elle appr\u00e9cie \u00e9norm\u00e9ment le contact humain et les moments de tendresse.\n\n\n\nAffectueuse\u2026<\/div><\/div><footer class=\"entry-footer\"><div class=\"slide-meta\"><time class='slide-meta-time updated'  itemprop=\"datePublished\" datetime=\"2026-03-30T08:08:52+02:00\" >30 mars 2026<\/time><\/div><\/footer><span class='hidden'>\n\t\t\t\t<span class='av-structured-data'  itemprop=\"image\" itemscope=\"itemscope\" itemtype=\"https:\/\/schema.org\/ImageObject\" >\n\t\t\t\t\t\t<span itemprop='url'>https:\/\/www.fondationassistanceauxanimaux.org\/actu\/wp-content\/uploads\/2026\/03\/bastet2-1.jpeg<\/span>\n\t\t\t\t\t\t<span itemprop='height'>1519<\/span>\n\t\t\t\t\t\t<span itemprop='width'>1536<\/span>\n\t\t\t\t<\/span>\n\t\t\t\t<span class='av-structured-data'  itemprop=\"publisher\" itemtype=\"https:\/\/schema.org\/Organization\" itemscope=\"itemscope\" >\n\t\t\t\t\t\t<span itemprop='name'>No\u00e9<\/span>\n\t\t\t\t\t\t<span itemprop='logo' itemscope itemtype='https:\/\/schema.org\/ImageObject'>\n\t\t\t\t\t\t\t<span itemprop='url'>https:\/\/www.fondationassistanceauxanimaux.org\/actu\/wp-content\/uploads\/2021\/02\/logo-faaa-so-transp.png<\/span>\n\t\t\t\t\t\t<\/span>\n\t\t\t\t<\/span><span class='av-structured-data'  itemprop=\"author\" itemscope=\"itemscope\" itemtype=\"https:\/\/schema.org\/Person\" ><span itemprop='name'>No\u00e9<\/span><\/span><span class='av-structured-data'  itemprop=\"datePublished\" datetime=\"2016-06-11T11:09:20+02:00\" >2026-03-30 08:08:52<\/span><span class='av-structured-data'  itemprop=\"dateModified\" itemtype=\"https:\/\/schema.org\/dateModified\" >2026-03-30 08:08:52<\/span><span class='av-structured-data'  itemprop=\"mainEntityOfPage\" itemtype=\"https:\/\/schema.org\/mainEntityOfPage\" ><span itemprop='name'>Portrait de Bastet, \u00e0 l&rsquo;adoption au refuge de Furiani<\/span><\/span><\/span><\/article><\/div><div class=\"slide-entry-wrap\"><article class='slide-entry flex_column  post-entry post-entry-26129 slide-entry-overview slide-loop-19 slide-parity-odd  av_one_third first real-thumbnail posttype-post post-format-standard'  itemscope=\"itemscope\" itemtype=\"https:\/\/schema.org\/CreativeWork\" ><a href='https:\/\/www.fondationassistanceauxanimaux.org\/actu\/adoption-aladin-refuge-26129\/' data-rel='slide-1' class='slide-image' title='L&rsquo;adoption d&rsquo;Aladin, petit prot\u00e9g\u00e9 du refuge de Morainvilliers'><img decoding=\"async\" fetchpriority=\"high\" width=\"495\" height=\"400\" src=\"https:\/\/www.fondationassistanceauxanimaux.org\/actu\/wp-content\/uploads\/2026\/03\/aladin-495x400.jpeg\" class=\"wp-image-26130 avia-img-lazy-loading-not-26130 attachment-portfolio size-portfolio wp-post-image\" alt=\"\" srcset=\"https:\/\/www.fondationassistanceauxanimaux.org\/actu\/wp-content\/uploads\/2026\/03\/aladin-495x400.jpeg 495w, https:\/\/www.fondationassistanceauxanimaux.org\/actu\/wp-content\/uploads\/2026\/03\/aladin-845x684.jpeg 845w\" sizes=\"(max-width: 495px) 100vw, 495px\" \/><\/a><div class=\"slide-content\"><header class=\"entry-content-header\" aria-label=\"Slide: L&#039;adoption d&#039;Aladin, petit prot\u00e9g\u00e9 du refuge de Morainvilliers\"><span class=\"blog-categories minor-meta\"><a href=\"https:\/\/www.fondationassistanceauxanimaux.org\/actu\/c\/fondation-assistance-aux-animaux\/\" rel=\"tag\">Fondation Assistance Aux Animaux<\/a> <\/span><h3 class='slide-entry-title entry-title '  itemprop=\"headline\" ><a href='https:\/\/www.fondationassistanceauxanimaux.org\/actu\/adoption-aladin-refuge-26129\/' title='L&rsquo;adoption d&rsquo;Aladin, petit prot\u00e9g\u00e9 du refuge de Morainvilliers'>L&rsquo;adoption d&rsquo;Aladin, petit prot\u00e9g\u00e9 du refuge de Morainvilliers<\/a><\/h3><span class=\"av-vertical-delimiter\"><\/span><\/header><div class='slide-entry-excerpt entry-content'  itemprop=\"text\" >\nNotre petit prot\u00e9g\u00e9 Aladin a quitt\u00e9 notre refuge de Morainvilliers : heureux adopt\u00e9 !\n\n\n\n\n\n\n\n\nMerci \u00e0 nos adoptants !\n\n<\/div><\/div><footer class=\"entry-footer\"><div class=\"slide-meta\"><time class='slide-meta-time updated'  itemprop=\"datePublished\" datetime=\"2026-03-30T07:59:37+02:00\" >30 mars 2026<\/time><\/div><\/footer><span class='hidden'>\n\t\t\t\t<span class='av-structured-data'  itemprop=\"image\" itemscope=\"itemscope\" itemtype=\"https:\/\/schema.org\/ImageObject\" >\n\t\t\t\t\t\t<span itemprop='url'>https:\/\/www.fondationassistanceauxanimaux.org\/actu\/wp-content\/uploads\/2026\/03\/aladin.jpeg<\/span>\n\t\t\t\t\t\t<span itemprop='height'>1600<\/span>\n\t\t\t\t\t\t<span itemprop='width'>1200<\/span>\n\t\t\t\t<\/span>\n\t\t\t\t<span class='av-structured-data'  itemprop=\"publisher\" itemtype=\"https:\/\/schema.org\/Organization\" itemscope=\"itemscope\" >\n\t\t\t\t\t\t<span itemprop='name'>No\u00e9<\/span>\n\t\t\t\t\t\t<span itemprop='logo' itemscope itemtype='https:\/\/schema.org\/ImageObject'>\n\t\t\t\t\t\t\t<span itemprop='url'>https:\/\/www.fondationassistanceauxanimaux.org\/actu\/wp-content\/uploads\/2021\/02\/logo-faaa-so-transp.png<\/span>\n\t\t\t\t\t\t<\/span>\n\t\t\t\t<\/span><span class='av-structured-data'  itemprop=\"author\" itemscope=\"itemscope\" itemtype=\"https:\/\/schema.org\/Person\" ><span itemprop='name'>No\u00e9<\/span><\/span><span class='av-structured-data'  itemprop=\"datePublished\" datetime=\"2016-06-11T11:09:20+02:00\" >2026-03-30 07:59:37<\/span><span class='av-structured-data'  itemprop=\"dateModified\" itemtype=\"https:\/\/schema.org\/dateModified\" >2026-03-30 08:00:06<\/span><span class='av-structured-data'  itemprop=\"mainEntityOfPage\" itemtype=\"https:\/\/schema.org\/mainEntityOfPage\" ><span itemprop='name'>L&rsquo;adoption d&rsquo;Aladin, petit prot\u00e9g\u00e9 du refuge de Morainvilliers<\/span><\/span><\/span><\/article><article class='slide-entry flex_column  post-entry post-entry-26124 slide-entry-overview slide-loop-20 slide-parity-even  av_one_third  real-thumbnail posttype-post post-format-standard'  itemscope=\"itemscope\" itemtype=\"https:\/\/schema.org\/CreativeWork\" ><a href='https:\/\/www.fondationassistanceauxanimaux.org\/actu\/la-banalisation-de-labandon-26124\/' data-rel='slide-1' class='slide-image' title='La banalisation de l\u2019abandon\u00a0\u00a0'><img decoding=\"async\" fetchpriority=\"high\" width=\"495\" height=\"400\" src=\"https:\/\/www.fondationassistanceauxanimaux.org\/actu\/wp-content\/uploads\/2026\/03\/1-2-495x400.png\" class=\"wp-image-26126 avia-img-lazy-loading-not-26126 attachment-portfolio size-portfolio wp-post-image\" alt=\"\" srcset=\"https:\/\/www.fondationassistanceauxanimaux.org\/actu\/wp-content\/uploads\/2026\/03\/1-2-495x400.png 495w, https:\/\/www.fondationassistanceauxanimaux.org\/actu\/wp-content\/uploads\/2026\/03\/1-2-845x684.png 845w\" sizes=\"(max-width: 495px) 100vw, 495px\" \/><\/a><div class=\"slide-content\"><header class=\"entry-content-header\" aria-label=\"Slide: La banalisation de l\u2019abandon\u00a0\u00a0\"><span class=\"blog-categories minor-meta\"><a href=\"https:\/\/www.fondationassistanceauxanimaux.org\/actu\/c\/fondation-assistance-aux-animaux\/\" rel=\"tag\">Fondation Assistance Aux Animaux<\/a> <\/span><h3 class='slide-entry-title entry-title '  itemprop=\"headline\" ><a href='https:\/\/www.fondationassistanceauxanimaux.org\/actu\/la-banalisation-de-labandon-26124\/' title='La banalisation de l\u2019abandon\u00a0\u00a0'>La banalisation de l\u2019abandon\u00a0\u00a0<\/a><\/h3><span class=\"av-vertical-delimiter\"><\/span><\/header><div class='slide-entry-excerpt entry-content'  itemprop=\"text\" >\nPasa, oubli\u00e9 par toute une famille, laiss\u00e9 attach\u00e9 dans une cour pendant des ann\u00e9es, attendait chaque jour un regard, une caresse, une interaction. \u00c0 la suite d\u2019un signalement, le S.E est intervenu pour saisir Pasa. Le jour de sa prise\u2026<\/div><\/div><footer class=\"entry-footer\"><div class=\"slide-meta\"><time class='slide-meta-time updated'  itemprop=\"datePublished\" datetime=\"2026-03-27T06:06:46+01:00\" >27 mars 2026<\/time><\/div><\/footer><span class='hidden'>\n\t\t\t\t<span class='av-structured-data'  itemprop=\"image\" itemscope=\"itemscope\" itemtype=\"https:\/\/schema.org\/ImageObject\" >\n\t\t\t\t\t\t<span itemprop='url'>https:\/\/www.fondationassistanceauxanimaux.org\/actu\/wp-content\/uploads\/2026\/03\/1-2.png<\/span>\n\t\t\t\t\t\t<span itemprop='height'>1196<\/span>\n\t\t\t\t\t\t<span itemprop='width'>894<\/span>\n\t\t\t\t<\/span>\n\t\t\t\t<span class='av-structured-data'  itemprop=\"publisher\" itemtype=\"https:\/\/schema.org\/Organization\" itemscope=\"itemscope\" >\n\t\t\t\t\t\t<span itemprop='name'>No\u00e9<\/span>\n\t\t\t\t\t\t<span itemprop='logo' itemscope itemtype='https:\/\/schema.org\/ImageObject'>\n\t\t\t\t\t\t\t<span itemprop='url'>https:\/\/www.fondationassistanceauxanimaux.org\/actu\/wp-content\/uploads\/2021\/02\/logo-faaa-so-transp.png<\/span>\n\t\t\t\t\t\t<\/span>\n\t\t\t\t<\/span><span class='av-structured-data'  itemprop=\"author\" itemscope=\"itemscope\" itemtype=\"https:\/\/schema.org\/Person\" ><span itemprop='name'>No\u00e9<\/span><\/span><span class='av-structured-data'  itemprop=\"datePublished\" datetime=\"2016-06-11T11:09:20+02:00\" >2026-03-27 06:06:46<\/span><span class='av-structured-data'  itemprop=\"dateModified\" itemtype=\"https:\/\/schema.org\/dateModified\" >2026-03-27 06:06:46<\/span><span class='av-structured-data'  itemprop=\"mainEntityOfPage\" itemtype=\"https:\/\/schema.org\/mainEntityOfPage\" ><span itemprop='name'>La banalisation de l\u2019abandon\u00a0\u00a0<\/span><\/span><\/span><\/article><article class='slide-entry flex_column  post-entry post-entry-26119 slide-entry-overview slide-loop-21 slide-parity-odd  av_one_third  real-thumbnail posttype-post post-format-standard'  itemscope=\"itemscope\" itemtype=\"https:\/\/schema.org\/CreativeWork\" ><a href='https:\/\/www.fondationassistanceauxanimaux.org\/actu\/cintu-attend-sa-famille-au-refuge-de-furiani-26119\/' data-rel='slide-1' class='slide-image' title='Cintu attend sa famille au refuge de Furiani'><img decoding=\"async\" fetchpriority=\"high\" width=\"495\" height=\"400\" src=\"https:\/\/www.fondationassistanceauxanimaux.org\/actu\/wp-content\/uploads\/2026\/03\/2-3-495x400.jpeg\" class=\"wp-image-26123 avia-img-lazy-loading-not-26123 attachment-portfolio size-portfolio wp-post-image\" alt=\"\" srcset=\"https:\/\/www.fondationassistanceauxanimaux.org\/actu\/wp-content\/uploads\/2026\/03\/2-3-495x400.jpeg 495w, https:\/\/www.fondationassistanceauxanimaux.org\/actu\/wp-content\/uploads\/2026\/03\/2-3-845x684.jpeg 845w\" sizes=\"(max-width: 495px) 100vw, 495px\" \/><\/a><div class=\"slide-content\"><header class=\"entry-content-header\" aria-label=\"Slide: Cintu attend sa famille au refuge de Furiani\"><span class=\"blog-categories minor-meta\"><a href=\"https:\/\/www.fondationassistanceauxanimaux.org\/actu\/c\/fondation-assistance-aux-animaux\/\" rel=\"tag\">Fondation Assistance Aux Animaux<\/a> <\/span><h3 class='slide-entry-title entry-title '  itemprop=\"headline\" ><a href='https:\/\/www.fondationassistanceauxanimaux.org\/actu\/cintu-attend-sa-famille-au-refuge-de-furiani-26119\/' title='Cintu attend sa famille au refuge de Furiani'>Cintu attend sa famille au refuge de Furiani<\/a><\/h3><span class=\"av-vertical-delimiter\"><\/span><\/header><div class='slide-entry-excerpt entry-content'  itemprop=\"text\" >\nN\u00e9 en 2022, Cintu vient d'avoir 4 ans. C'est un griffon qui est arriv\u00e9 au refuge Fondation Assistance aux Animaux de Furiani il y a quelques semaines.\n\n\n\nDepuis, il attend patiemment de pouvoir \u00e9crire une nouvelle histoire.\n\n\n\nC\u2019est un\u2026<\/div><\/div><footer class=\"entry-footer\"><div class=\"slide-meta\"><time class='slide-meta-time updated'  itemprop=\"datePublished\" datetime=\"2026-03-25T15:59:03+01:00\" >25 mars 2026<\/time><\/div><\/footer><span class='hidden'>\n\t\t\t\t<span class='av-structured-data'  itemprop=\"image\" itemscope=\"itemscope\" itemtype=\"https:\/\/schema.org\/ImageObject\" >\n\t\t\t\t\t\t<span itemprop='url'>https:\/\/www.fondationassistanceauxanimaux.org\/actu\/wp-content\/uploads\/2026\/03\/2-3.jpeg<\/span>\n\t\t\t\t\t\t<span itemprop='height'>1100<\/span>\n\t\t\t\t\t\t<span itemprop='width'>1024<\/span>\n\t\t\t\t<\/span>\n\t\t\t\t<span class='av-structured-data'  itemprop=\"publisher\" itemtype=\"https:\/\/schema.org\/Organization\" itemscope=\"itemscope\" >\n\t\t\t\t\t\t<span itemprop='name'>No\u00e9<\/span>\n\t\t\t\t\t\t<span itemprop='logo' itemscope itemtype='https:\/\/schema.org\/ImageObject'>\n\t\t\t\t\t\t\t<span itemprop='url'>https:\/\/www.fondationassistanceauxanimaux.org\/actu\/wp-content\/uploads\/2021\/02\/logo-faaa-so-transp.png<\/span>\n\t\t\t\t\t\t<\/span>\n\t\t\t\t<\/span><span class='av-structured-data'  itemprop=\"author\" itemscope=\"itemscope\" itemtype=\"https:\/\/schema.org\/Person\" ><span itemprop='name'>No\u00e9<\/span><\/span><span class='av-structured-data'  itemprop=\"datePublished\" datetime=\"2016-06-11T11:09:20+02:00\" >2026-03-25 15:59:03<\/span><span class='av-structured-data'  itemprop=\"dateModified\" itemtype=\"https:\/\/schema.org\/dateModified\" >2026-03-25 15:59:04<\/span><span class='av-structured-data'  itemprop=\"mainEntityOfPage\" itemtype=\"https:\/\/schema.org\/mainEntityOfPage\" ><span itemprop='name'>Cintu attend sa famille au refuge de Furiani<\/span><\/span><\/span><\/article><\/div><div class=\"slide-entry-wrap\"><article class='slide-entry flex_column  post-entry post-entry-26114 slide-entry-overview slide-loop-22 slide-parity-odd  av_one_third first real-thumbnail posttype-post post-format-standard'  itemscope=\"itemscope\" itemtype=\"https:\/\/schema.org\/CreativeWork\" ><a href='https:\/\/www.fondationassistanceauxanimaux.org\/actu\/simone-nouvelle-pensionnaire-de-la-ferme-pedagogique-de-la-fondation-assistance-aux-animaux-26114\/' data-rel='slide-1' class='slide-image' title='Simone, nouvelle pensionnaire de la Ferme P\u00e9dagogique de la Fondation Assistance aux Animaux'><img decoding=\"async\" fetchpriority=\"high\" width=\"495\" height=\"400\" src=\"https:\/\/www.fondationassistanceauxanimaux.org\/actu\/wp-content\/uploads\/2026\/03\/Simone-495x400.jpeg\" class=\"wp-image-26115 avia-img-lazy-loading-not-26115 attachment-portfolio size-portfolio wp-post-image\" alt=\"\" srcset=\"https:\/\/www.fondationassistanceauxanimaux.org\/actu\/wp-content\/uploads\/2026\/03\/Simone-495x400.jpeg 495w, https:\/\/www.fondationassistanceauxanimaux.org\/actu\/wp-content\/uploads\/2026\/03\/Simone-845x684.jpeg 845w\" sizes=\"(max-width: 495px) 100vw, 495px\" \/><\/a><div class=\"slide-content\"><header class=\"entry-content-header\" aria-label=\"Slide: Simone, nouvelle pensionnaire de la Ferme P\u00e9dagogique de la Fondation Assistance aux Animaux\"><span class=\"blog-categories minor-meta\"><a href=\"https:\/\/www.fondationassistanceauxanimaux.org\/actu\/c\/fondation-assistance-aux-animaux\/\" rel=\"tag\">Fondation Assistance Aux Animaux<\/a> <\/span><h3 class='slide-entry-title entry-title '  itemprop=\"headline\" ><a href='https:\/\/www.fondationassistanceauxanimaux.org\/actu\/simone-nouvelle-pensionnaire-de-la-ferme-pedagogique-de-la-fondation-assistance-aux-animaux-26114\/' title='Simone, nouvelle pensionnaire de la Ferme P\u00e9dagogique de la Fondation Assistance aux Animaux'>Simone, nouvelle pensionnaire de la Ferme P\u00e9dagogique de la Fondation Assistance aux Animaux<\/a><\/h3><span class=\"av-vertical-delimiter\"><\/span><\/header><div class='slide-entry-excerpt entry-content'  itemprop=\"text\" >\n\u00c0 la Ferme de la Fondation Assistance aux Animaux, chaque pensionnaire a une histoire. Ici, tous les animaux sont issus de sauvetages et vivent dans un environnement paisible, adapt\u00e9 \u00e0 leurs besoins. Ils y sont prot\u00e9g\u00e9s, soign\u00e9s, et entour\u00e9s\u2026<\/div><\/div><footer class=\"entry-footer\"><div class=\"slide-meta\"><time class='slide-meta-time updated'  itemprop=\"datePublished\" datetime=\"2026-03-23T15:49:51+01:00\" >23 mars 2026<\/time><\/div><\/footer><span class='hidden'>\n\t\t\t\t<span class='av-structured-data'  itemprop=\"image\" itemscope=\"itemscope\" itemtype=\"https:\/\/schema.org\/ImageObject\" >\n\t\t\t\t\t\t<span itemprop='url'>https:\/\/www.fondationassistanceauxanimaux.org\/actu\/wp-content\/uploads\/2026\/03\/Simone.jpeg<\/span>\n\t\t\t\t\t\t<span itemprop='height'>1272<\/span>\n\t\t\t\t\t\t<span itemprop='width'>1152<\/span>\n\t\t\t\t<\/span>\n\t\t\t\t<span class='av-structured-data'  itemprop=\"publisher\" itemtype=\"https:\/\/schema.org\/Organization\" itemscope=\"itemscope\" >\n\t\t\t\t\t\t<span itemprop='name'>No\u00e9<\/span>\n\t\t\t\t\t\t<span itemprop='logo' itemscope itemtype='https:\/\/schema.org\/ImageObject'>\n\t\t\t\t\t\t\t<span itemprop='url'>https:\/\/www.fondationassistanceauxanimaux.org\/actu\/wp-content\/uploads\/2021\/02\/logo-faaa-so-transp.png<\/span>\n\t\t\t\t\t\t<\/span>\n\t\t\t\t<\/span><span class='av-structured-data'  itemprop=\"author\" itemscope=\"itemscope\" itemtype=\"https:\/\/schema.org\/Person\" ><span itemprop='name'>No\u00e9<\/span><\/span><span class='av-structured-data'  itemprop=\"datePublished\" datetime=\"2016-06-11T11:09:20+02:00\" >2026-03-23 15:49:51<\/span><span class='av-structured-data'  itemprop=\"dateModified\" itemtype=\"https:\/\/schema.org\/dateModified\" >2026-03-23 15:49:59<\/span><span class='av-structured-data'  itemprop=\"mainEntityOfPage\" itemtype=\"https:\/\/schema.org\/mainEntityOfPage\" ><span itemprop='name'>Simone, nouvelle pensionnaire de la Ferme P\u00e9dagogique de la Fondation Assistance aux Animaux<\/span><\/span><\/span><\/article><article class='slide-entry flex_column  post-entry post-entry-26111 slide-entry-overview slide-loop-23 slide-parity-even  av_one_third  real-thumbnail posttype-post post-format-standard'  itemscope=\"itemscope\" itemtype=\"https:\/\/schema.org\/CreativeWork\" ><a href='https:\/\/www.fondationassistanceauxanimaux.org\/actu\/video-vynce-du-refuge-de-bellegarde-26111\/' data-rel='slide-1' class='slide-image' title='Vid\u00e9o : Vynce du refuge de Bellegarde'><img decoding=\"async\" fetchpriority=\"high\" width=\"495\" height=\"400\" src=\"https:\/\/www.fondationassistanceauxanimaux.org\/actu\/wp-content\/uploads\/2026\/03\/Vynce-495x400.png\" class=\"wp-image-26113 avia-img-lazy-loading-not-26113 attachment-portfolio size-portfolio wp-post-image\" alt=\"\" srcset=\"https:\/\/www.fondationassistanceauxanimaux.org\/actu\/wp-content\/uploads\/2026\/03\/Vynce-495x400.png 495w, https:\/\/www.fondationassistanceauxanimaux.org\/actu\/wp-content\/uploads\/2026\/03\/Vynce-845x684.png 845w\" sizes=\"(max-width: 495px) 100vw, 495px\" \/><\/a><div class=\"slide-content\"><header class=\"entry-content-header\" aria-label=\"Slide: Vid\u00e9o : Vynce du refuge de Bellegarde\"><span class=\"blog-categories minor-meta\"><a href=\"https:\/\/www.fondationassistanceauxanimaux.org\/actu\/c\/fondation-assistance-aux-animaux\/\" rel=\"tag\">Fondation Assistance Aux Animaux<\/a> <\/span><h3 class='slide-entry-title entry-title '  itemprop=\"headline\" ><a href='https:\/\/www.fondationassistanceauxanimaux.org\/actu\/video-vynce-du-refuge-de-bellegarde-26111\/' title='Vid\u00e9o : Vynce du refuge de Bellegarde'>Vid\u00e9o : Vynce du refuge de Bellegarde<\/a><\/h3><span class=\"av-vertical-delimiter\"><\/span><\/header><div class='slide-entry-excerpt entry-content'  itemprop=\"text\" >\nVynce est tout jeune, il n'a m\u00eame pas deux ans. Il a \u00e9t\u00e9 abandonn\u00e9 au mois de mai dernier et accueilli par la Fondation Assistance aux Animaux.\n\n\n\nVous pouvez le rencontrer dans notre Refuge de Bellegarde (Gard).\n\n\n\n\nhttps:\/\/youtu.be\/3\u2026<\/div><\/div><footer class=\"entry-footer\"><div class=\"slide-meta\"><time class='slide-meta-time updated'  itemprop=\"datePublished\" datetime=\"2026-03-20T12:30:40+01:00\" >20 mars 2026<\/time><\/div><\/footer><span class='hidden'>\n\t\t\t\t<span class='av-structured-data'  itemprop=\"image\" itemscope=\"itemscope\" itemtype=\"https:\/\/schema.org\/ImageObject\" >\n\t\t\t\t\t\t<span itemprop='url'>https:\/\/www.fondationassistanceauxanimaux.org\/actu\/wp-content\/uploads\/2026\/03\/Vynce.png<\/span>\n\t\t\t\t\t\t<span itemprop='height'>1272<\/span>\n\t\t\t\t\t\t<span itemprop='width'>938<\/span>\n\t\t\t\t<\/span>\n\t\t\t\t<span class='av-structured-data'  itemprop=\"publisher\" itemtype=\"https:\/\/schema.org\/Organization\" itemscope=\"itemscope\" >\n\t\t\t\t\t\t<span itemprop='name'>No\u00e9<\/span>\n\t\t\t\t\t\t<span itemprop='logo' itemscope itemtype='https:\/\/schema.org\/ImageObject'>\n\t\t\t\t\t\t\t<span itemprop='url'>https:\/\/www.fondationassistanceauxanimaux.org\/actu\/wp-content\/uploads\/2021\/02\/logo-faaa-so-transp.png<\/span>\n\t\t\t\t\t\t<\/span>\n\t\t\t\t<\/span><span class='av-structured-data'  itemprop=\"author\" itemscope=\"itemscope\" itemtype=\"https:\/\/schema.org\/Person\" ><span itemprop='name'>No\u00e9<\/span><\/span><span class='av-structured-data'  itemprop=\"datePublished\" datetime=\"2016-06-11T11:09:20+02:00\" >2026-03-20 12:30:40<\/span><span class='av-structured-data'  itemprop=\"dateModified\" itemtype=\"https:\/\/schema.org\/dateModified\" >2026-03-20 12:30:41<\/span><span class='av-structured-data'  itemprop=\"mainEntityOfPage\" itemtype=\"https:\/\/schema.org\/mainEntityOfPage\" ><span itemprop='name'>Vid\u00e9o : Vynce du refuge de Bellegarde<\/span><\/span><\/span><\/article><article class='slide-entry flex_column  post-entry post-entry-26098 slide-entry-overview slide-loop-24 slide-parity-odd  av_one_third  real-thumbnail posttype-post post-format-standard'  itemscope=\"itemscope\" itemtype=\"https:\/\/schema.org\/CreativeWork\" ><a href='https:\/\/www.fondationassistanceauxanimaux.org\/actu\/chevreaux-ferme-pedagogique-faa-26098\/' data-rel='slide-1' class='slide-image' title='Deux naissances pleines d\u2019espoir \u00e0 la Ferme P\u00e9dagogique de Versailles'><img decoding=\"async\" fetchpriority=\"high\" width=\"495\" height=\"400\" src=\"https:\/\/www.fondationassistanceauxanimaux.org\/actu\/wp-content\/uploads\/2026\/03\/1-1-495x400.jpeg\" class=\"wp-image-26105 avia-img-lazy-loading-not-26105 attachment-portfolio size-portfolio wp-post-image\" alt=\"\" srcset=\"https:\/\/www.fondationassistanceauxanimaux.org\/actu\/wp-content\/uploads\/2026\/03\/1-1-495x400.jpeg 495w, https:\/\/www.fondationassistanceauxanimaux.org\/actu\/wp-content\/uploads\/2026\/03\/1-1-300x243.jpeg 300w, https:\/\/www.fondationassistanceauxanimaux.org\/actu\/wp-content\/uploads\/2026\/03\/1-1-1030x834.jpeg 1030w, https:\/\/www.fondationassistanceauxanimaux.org\/actu\/wp-content\/uploads\/2026\/03\/1-1-768x622.jpeg 768w, https:\/\/www.fondationassistanceauxanimaux.org\/actu\/wp-content\/uploads\/2026\/03\/1-1-1536x1243.jpeg 1536w, https:\/\/www.fondationassistanceauxanimaux.org\/actu\/wp-content\/uploads\/2026\/03\/1-1-1500x1214.jpeg 1500w, https:\/\/www.fondationassistanceauxanimaux.org\/actu\/wp-content\/uploads\/2026\/03\/1-1-845x684.jpeg 845w, https:\/\/www.fondationassistanceauxanimaux.org\/actu\/wp-content\/uploads\/2026\/03\/1-1-705x571.jpeg 705w, https:\/\/www.fondationassistanceauxanimaux.org\/actu\/wp-content\/uploads\/2026\/03\/1-1.jpeg 1600w\" sizes=\"(max-width: 495px) 100vw, 495px\" \/><\/a><div class=\"slide-content\"><header class=\"entry-content-header\" aria-label=\"Slide: Deux naissances pleines d\u2019espoir \u00e0 la Ferme P\u00e9dagogique de Versailles\"><span class=\"blog-categories minor-meta\"><a href=\"https:\/\/www.fondationassistanceauxanimaux.org\/actu\/c\/fondation-assistance-aux-animaux\/\" rel=\"tag\">Fondation Assistance Aux Animaux<\/a> <\/span><h3 class='slide-entry-title entry-title '  itemprop=\"headline\" ><a href='https:\/\/www.fondationassistanceauxanimaux.org\/actu\/chevreaux-ferme-pedagogique-faa-26098\/' title='Deux naissances pleines d\u2019espoir \u00e0 la Ferme P\u00e9dagogique de Versailles'>Deux naissances pleines d\u2019espoir \u00e0 la Ferme P\u00e9dagogique de Versailles<\/a><\/h3><span class=\"av-vertical-delimiter\"><\/span><\/header><div class='slide-entry-excerpt entry-content'  itemprop=\"text\" >\nJeudi 12 mars 2026, la Ferme P\u00e9dagogique de Versailles de la Fondation Assistance aux Animaux a accueilli deux nouveaux pensionnaires : deux adorables chevreaux.\n\n\n\nIris, leur maman, avait \u00e9t\u00e9 saisie par la Fondation Assistance aux Animaux\u2026<\/div><\/div><footer class=\"entry-footer\"><div class=\"slide-meta\"><time class='slide-meta-time updated'  itemprop=\"datePublished\" datetime=\"2026-03-19T12:56:02+01:00\" >19 mars 2026<\/time><\/div><\/footer><span class='hidden'>\n\t\t\t\t<span class='av-structured-data'  itemprop=\"image\" itemscope=\"itemscope\" itemtype=\"https:\/\/schema.org\/ImageObject\" >\n\t\t\t\t\t\t<span itemprop='url'>https:\/\/www.fondationassistanceauxanimaux.org\/actu\/wp-content\/uploads\/2026\/03\/1-1.jpeg<\/span>\n\t\t\t\t\t\t<span itemprop='height'>1295<\/span>\n\t\t\t\t\t\t<span itemprop='width'>1600<\/span>\n\t\t\t\t<\/span>\n\t\t\t\t<span class='av-structured-data'  itemprop=\"publisher\" itemtype=\"https:\/\/schema.org\/Organization\" itemscope=\"itemscope\" >\n\t\t\t\t\t\t<span itemprop='name'>No\u00e9<\/span>\n\t\t\t\t\t\t<span itemprop='logo' itemscope itemtype='https:\/\/schema.org\/ImageObject'>\n\t\t\t\t\t\t\t<span itemprop='url'>https:\/\/www.fondationassistanceauxanimaux.org\/actu\/wp-content\/uploads\/2021\/02\/logo-faaa-so-transp.png<\/span>\n\t\t\t\t\t\t<\/span>\n\t\t\t\t<\/span><span class='av-structured-data'  itemprop=\"author\" itemscope=\"itemscope\" itemtype=\"https:\/\/schema.org\/Person\" ><span itemprop='name'>No\u00e9<\/span><\/span><span class='av-structured-data'  itemprop=\"datePublished\" datetime=\"2016-06-11T11:09:20+02:00\" >2026-03-19 12:56:02<\/span><span class='av-structured-data'  itemprop=\"dateModified\" itemtype=\"https:\/\/schema.org\/dateModified\" >2026-03-19 12:56:03<\/span><span class='av-structured-data'  itemprop=\"mainEntityOfPage\" itemtype=\"https:\/\/schema.org\/mainEntityOfPage\" ><span itemprop='name'>Deux naissances pleines d\u2019espoir \u00e0 la Ferme P\u00e9dagogique de Versailles<\/span><\/span><\/span><\/article><\/div><div class=\"slide-entry-wrap\"><article class='slide-entry flex_column  post-entry post-entry-26092 slide-entry-overview slide-loop-25 slide-parity-odd  av_one_third first real-thumbnail posttype-post post-format-standard'  itemscope=\"itemscope\" itemtype=\"https:\/\/schema.org\/CreativeWork\" ><a href='https:\/\/www.fondationassistanceauxanimaux.org\/actu\/trois-ans-dadoption-pour-milky-et-pepper-26092\/' data-rel='slide-1' class='slide-image' title='Trois ans d&rsquo;adoption pour Milky et Pepper'><img decoding=\"async\" fetchpriority=\"high\" width=\"495\" height=\"400\" src=\"https:\/\/www.fondationassistanceauxanimaux.org\/actu\/wp-content\/uploads\/2026\/03\/0caa6294-6ae8-4bcd-a03d-27fc81257603-1_all_4288-1-495x400.jpg\" class=\"wp-image-26097 avia-img-lazy-loading-not-26097 attachment-portfolio size-portfolio wp-post-image\" alt=\"\" srcset=\"https:\/\/www.fondationassistanceauxanimaux.org\/actu\/wp-content\/uploads\/2026\/03\/0caa6294-6ae8-4bcd-a03d-27fc81257603-1_all_4288-1-495x400.jpg 495w, https:\/\/www.fondationassistanceauxanimaux.org\/actu\/wp-content\/uploads\/2026\/03\/0caa6294-6ae8-4bcd-a03d-27fc81257603-1_all_4288-1-845x684.jpg 845w\" sizes=\"(max-width: 495px) 100vw, 495px\" \/><\/a><div class=\"slide-content\"><header class=\"entry-content-header\" aria-label=\"Slide: Trois ans d&#039;adoption pour Milky et Pepper\"><span class=\"blog-categories minor-meta\"><a href=\"https:\/\/www.fondationassistanceauxanimaux.org\/actu\/c\/fondation-assistance-aux-animaux\/\" rel=\"tag\">Fondation Assistance Aux Animaux<\/a> <\/span><h3 class='slide-entry-title entry-title '  itemprop=\"headline\" ><a href='https:\/\/www.fondationassistanceauxanimaux.org\/actu\/trois-ans-dadoption-pour-milky-et-pepper-26092\/' title='Trois ans d&rsquo;adoption pour Milky et Pepper'>Trois ans d&rsquo;adoption pour Milky et Pepper<\/a><\/h3><span class=\"av-vertical-delimiter\"><\/span><\/header><div class='slide-entry-excerpt entry-content'  itemprop=\"text\" >\nCes deux adorables chats \u00e9taient des pensionnaires du refuge Fondation Assistance aux Animaux de Bellegarde.\n\n\n\nMilky et Pepper sont d'heureux adopt\u00e9s depuis maintenant 3 ans. \n\n\n\nSa famille nous a r\u00e9cemment envoy\u00e9 des photos que nous vous\u2026<\/div><\/div><footer class=\"entry-footer\"><div class=\"slide-meta\"><time class='slide-meta-time updated'  itemprop=\"datePublished\" datetime=\"2026-03-19T12:25:00+01:00\" >19 mars 2026<\/time><\/div><\/footer><span class='hidden'>\n\t\t\t\t<span class='av-structured-data'  itemprop=\"image\" itemscope=\"itemscope\" itemtype=\"https:\/\/schema.org\/ImageObject\" >\n\t\t\t\t\t\t<span itemprop='url'>https:\/\/www.fondationassistanceauxanimaux.org\/actu\/wp-content\/uploads\/2026\/03\/0caa6294-6ae8-4bcd-a03d-27fc81257603-1_all_4288-1-scaled.jpg<\/span>\n\t\t\t\t\t\t<span itemprop='height'>2480<\/span>\n\t\t\t\t\t\t<span itemprop='width'>2560<\/span>\n\t\t\t\t<\/span>\n\t\t\t\t<span class='av-structured-data'  itemprop=\"publisher\" itemtype=\"https:\/\/schema.org\/Organization\" itemscope=\"itemscope\" >\n\t\t\t\t\t\t<span itemprop='name'>No\u00e9<\/span>\n\t\t\t\t\t\t<span itemprop='logo' itemscope itemtype='https:\/\/schema.org\/ImageObject'>\n\t\t\t\t\t\t\t<span itemprop='url'>https:\/\/www.fondationassistanceauxanimaux.org\/actu\/wp-content\/uploads\/2021\/02\/logo-faaa-so-transp.png<\/span>\n\t\t\t\t\t\t<\/span>\n\t\t\t\t<\/span><span class='av-structured-data'  itemprop=\"author\" itemscope=\"itemscope\" itemtype=\"https:\/\/schema.org\/Person\" ><span itemprop='name'>No\u00e9<\/span><\/span><span class='av-structured-data'  itemprop=\"datePublished\" datetime=\"2016-06-11T11:09:20+02:00\" >2026-03-19 12:25:00<\/span><span class='av-structured-data'  itemprop=\"dateModified\" itemtype=\"https:\/\/schema.org\/dateModified\" >2026-03-19 12:25:01<\/span><span class='av-structured-data'  itemprop=\"mainEntityOfPage\" itemtype=\"https:\/\/schema.org\/mainEntityOfPage\" ><span itemprop='name'>Trois ans d&rsquo;adoption pour Milky et Pepper<\/span><\/span><\/span><\/article><article class='slide-entry flex_column  post-entry post-entry-26088 slide-entry-overview slide-loop-26 slide-parity-even  av_one_third  real-thumbnail posttype-post post-format-standard'  itemscope=\"itemscope\" itemtype=\"https:\/\/schema.org\/CreativeWork\" ><a href='https:\/\/www.fondationassistanceauxanimaux.org\/actu\/devenez-enqueteur-benevole-pour-la-fondation-assistance-aux-animaux-26088\/' data-rel='slide-1' class='slide-image' title='Devenez enqu\u00eateur b\u00e9n\u00e9vole pour la Fondation Assistance aux Animaux'><img decoding=\"async\" fetchpriority=\"high\" width=\"495\" height=\"400\" src=\"https:\/\/www.fondationassistanceauxanimaux.org\/actu\/wp-content\/uploads\/2026\/03\/photo-enqueteur-495x400.jpg\" class=\"wp-image-26091 avia-img-lazy-loading-not-26091 attachment-portfolio size-portfolio wp-post-image\" alt=\"\" srcset=\"https:\/\/www.fondationassistanceauxanimaux.org\/actu\/wp-content\/uploads\/2026\/03\/photo-enqueteur-495x400.jpg 495w, https:\/\/www.fondationassistanceauxanimaux.org\/actu\/wp-content\/uploads\/2026\/03\/photo-enqueteur-845x684.jpg 845w\" sizes=\"(max-width: 495px) 100vw, 495px\" \/><\/a><div class=\"slide-content\"><header class=\"entry-content-header\" aria-label=\"Slide: Devenez enqu\u00eateur b\u00e9n\u00e9vole pour la Fondation Assistance aux Animaux\"><span class=\"blog-categories minor-meta\"><a href=\"https:\/\/www.fondationassistanceauxanimaux.org\/actu\/c\/fondation-assistance-aux-animaux\/\" rel=\"tag\">Fondation Assistance Aux Animaux<\/a> <\/span><h3 class='slide-entry-title entry-title '  itemprop=\"headline\" ><a href='https:\/\/www.fondationassistanceauxanimaux.org\/actu\/devenez-enqueteur-benevole-pour-la-fondation-assistance-aux-animaux-26088\/' title='Devenez enqu\u00eateur b\u00e9n\u00e9vole pour la Fondation Assistance aux Animaux'>Devenez enqu\u00eateur b\u00e9n\u00e9vole pour la Fondation Assistance aux Animaux<\/a><\/h3><span class=\"av-vertical-delimiter\"><\/span><\/header><div class='slide-entry-excerpt entry-content'  itemprop=\"text\" >\nEnqu\u00eateur b\u00e9n\u00e9vole pour la Fondation Assistance aux Animaux, h\u00e9ro du quotidien !\n\n\n\nLe combat contre la maltraitance et l\u2019abandon passe n\u00e9cessairement par une implication directe sur le terrain.\n\n\n\nFort de ce constat, la Fondation Assistance\u2026<\/div><\/div><footer class=\"entry-footer\"><div class=\"slide-meta\"><time class='slide-meta-time updated'  itemprop=\"datePublished\" datetime=\"2026-03-18T14:48:24+01:00\" >18 mars 2026<\/time><\/div><\/footer><span class='hidden'>\n\t\t\t\t<span class='av-structured-data'  itemprop=\"image\" itemscope=\"itemscope\" itemtype=\"https:\/\/schema.org\/ImageObject\" >\n\t\t\t\t\t\t<span itemprop='url'>https:\/\/www.fondationassistanceauxanimaux.org\/actu\/wp-content\/uploads\/2026\/03\/photo-enqueteur.jpg<\/span>\n\t\t\t\t\t\t<span itemprop='height'>1114<\/span>\n\t\t\t\t\t\t<span itemprop='width'>1125<\/span>\n\t\t\t\t<\/span>\n\t\t\t\t<span class='av-structured-data'  itemprop=\"publisher\" itemtype=\"https:\/\/schema.org\/Organization\" itemscope=\"itemscope\" >\n\t\t\t\t\t\t<span itemprop='name'>No\u00e9<\/span>\n\t\t\t\t\t\t<span itemprop='logo' itemscope itemtype='https:\/\/schema.org\/ImageObject'>\n\t\t\t\t\t\t\t<span itemprop='url'>https:\/\/www.fondationassistanceauxanimaux.org\/actu\/wp-content\/uploads\/2021\/02\/logo-faaa-so-transp.png<\/span>\n\t\t\t\t\t\t<\/span>\n\t\t\t\t<\/span><span class='av-structured-data'  itemprop=\"author\" itemscope=\"itemscope\" itemtype=\"https:\/\/schema.org\/Person\" ><span itemprop='name'>No\u00e9<\/span><\/span><span class='av-structured-data'  itemprop=\"datePublished\" datetime=\"2016-06-11T11:09:20+02:00\" >2026-03-18 14:48:24<\/span><span class='av-structured-data'  itemprop=\"dateModified\" itemtype=\"https:\/\/schema.org\/dateModified\" >2026-03-18 14:48:25<\/span><span class='av-structured-data'  itemprop=\"mainEntityOfPage\" itemtype=\"https:\/\/schema.org\/mainEntityOfPage\" ><span itemprop='name'>Devenez enqu\u00eateur b\u00e9n\u00e9vole pour la Fondation Assistance aux Animaux<\/span><\/span><\/span><\/article><article class='slide-entry flex_column  post-entry post-entry-26074 slide-entry-overview slide-loop-27 slide-parity-odd  av_one_third  real-thumbnail posttype-post post-format-standard'  itemscope=\"itemscope\" itemtype=\"https:\/\/schema.org\/CreativeWork\" ><a href='https:\/\/www.fondationassistanceauxanimaux.org\/actu\/de-nombreux-chats-sont-a-ladoption-dans-nos-refuges-26074\/' data-rel='slide-1' class='slide-image' title='De nombreux chats sont \u00e0 l&rsquo;adoption dans nos refuges'><img decoding=\"async\" fetchpriority=\"high\" width=\"495\" height=\"400\" src=\"https:\/\/www.fondationassistanceauxanimaux.org\/actu\/wp-content\/uploads\/2026\/03\/chat-adoption-495x400.png\" class=\"wp-image-26086 avia-img-lazy-loading-not-26086 attachment-portfolio size-portfolio wp-post-image\" alt=\"\" srcset=\"https:\/\/www.fondationassistanceauxanimaux.org\/actu\/wp-content\/uploads\/2026\/03\/chat-adoption-495x400.png 495w, https:\/\/www.fondationassistanceauxanimaux.org\/actu\/wp-content\/uploads\/2026\/03\/chat-adoption-845x684.png 845w\" sizes=\"(max-width: 495px) 100vw, 495px\" \/><\/a><div class=\"slide-content\"><header class=\"entry-content-header\" aria-label=\"Slide: De nombreux chats sont \u00e0 l&#039;adoption dans nos refuges\"><span class=\"blog-categories minor-meta\"><a href=\"https:\/\/www.fondationassistanceauxanimaux.org\/actu\/c\/fondation-assistance-aux-animaux\/\" rel=\"tag\">Fondation Assistance Aux Animaux<\/a> <\/span><h3 class='slide-entry-title entry-title '  itemprop=\"headline\" ><a href='https:\/\/www.fondationassistanceauxanimaux.org\/actu\/de-nombreux-chats-sont-a-ladoption-dans-nos-refuges-26074\/' title='De nombreux chats sont \u00e0 l&rsquo;adoption dans nos refuges'>De nombreux chats sont \u00e0 l&rsquo;adoption dans nos refuges<\/a><\/h3><span class=\"av-vertical-delimiter\"><\/span><\/header><div class='slide-entry-excerpt entry-content'  itemprop=\"text\" >\nDe nombreux chats attendent aujourd\u2019hui une famille dans les refuges de la Fondation Assistance aux Animaux.\n\n\n\nChacun d\u2019eux m\u00e9rite une seconde chance, un foyer aimant et une vie enfin apais\u00e9e.\n\n\n\n\nNous vous pr\u00e9sentons quelques portraits\u2026<\/div><\/div><footer class=\"entry-footer\"><div class=\"slide-meta\"><time class='slide-meta-time updated'  itemprop=\"datePublished\" datetime=\"2026-03-17T14:56:37+01:00\" >17 mars 2026<\/time><\/div><\/footer><span class='hidden'>\n\t\t\t\t<span class='av-structured-data'  itemprop=\"image\" itemscope=\"itemscope\" itemtype=\"https:\/\/schema.org\/ImageObject\" >\n\t\t\t\t\t\t<span itemprop='url'>https:\/\/www.fondationassistanceauxanimaux.org\/actu\/wp-content\/uploads\/2026\/03\/chat-adoption.png<\/span>\n\t\t\t\t\t\t<span itemprop='height'>1044<\/span>\n\t\t\t\t\t\t<span itemprop='width'>1190<\/span>\n\t\t\t\t<\/span>\n\t\t\t\t<span class='av-structured-data'  itemprop=\"publisher\" itemtype=\"https:\/\/schema.org\/Organization\" itemscope=\"itemscope\" >\n\t\t\t\t\t\t<span itemprop='name'>No\u00e9<\/span>\n\t\t\t\t\t\t<span itemprop='logo' itemscope itemtype='https:\/\/schema.org\/ImageObject'>\n\t\t\t\t\t\t\t<span itemprop='url'>https:\/\/www.fondationassistanceauxanimaux.org\/actu\/wp-content\/uploads\/2021\/02\/logo-faaa-so-transp.png<\/span>\n\t\t\t\t\t\t<\/span>\n\t\t\t\t<\/span><span class='av-structured-data'  itemprop=\"author\" itemscope=\"itemscope\" itemtype=\"https:\/\/schema.org\/Person\" ><span itemprop='name'>No\u00e9<\/span><\/span><span class='av-structured-data'  itemprop=\"datePublished\" datetime=\"2016-06-11T11:09:20+02:00\" >2026-03-17 14:56:37<\/span><span class='av-structured-data'  itemprop=\"dateModified\" itemtype=\"https:\/\/schema.org\/dateModified\" >2026-03-17 14:56:38<\/span><span class='av-structured-data'  itemprop=\"mainEntityOfPage\" itemtype=\"https:\/\/schema.org\/mainEntityOfPage\" ><span itemprop='name'>De nombreux chats sont \u00e0 l&rsquo;adoption dans nos refuges<\/span><\/span><\/span><\/article><\/div><div class=\"slide-entry-wrap\"><article class='slide-entry flex_column  post-entry post-entry-26066 slide-entry-overview slide-loop-28 slide-parity-odd  av_one_third first real-thumbnail posttype-post post-format-standard'  itemscope=\"itemscope\" itemtype=\"https:\/\/schema.org\/CreativeWork\" ><a href='https:\/\/www.fondationassistanceauxanimaux.org\/actu\/cody-a-ete-adopte-il-y-a-deux-ans-au-noel-des-betes-abandonnees-26066\/' data-rel='slide-1' class='slide-image' title='Cody a \u00e9t\u00e9 adopt\u00e9 il y a deux ans au No\u00ebl des B\u00eates Abandonn\u00e9es'><img decoding=\"async\" fetchpriority=\"high\" width=\"495\" height=\"400\" src=\"https:\/\/www.fondationassistanceauxanimaux.org\/actu\/wp-content\/uploads\/2026\/03\/image2-1-495x400.jpeg\" class=\"wp-image-26073 avia-img-lazy-loading-not-26073 attachment-portfolio size-portfolio wp-post-image\" alt=\"\" srcset=\"https:\/\/www.fondationassistanceauxanimaux.org\/actu\/wp-content\/uploads\/2026\/03\/image2-1-495x400.jpeg 495w, https:\/\/www.fondationassistanceauxanimaux.org\/actu\/wp-content\/uploads\/2026\/03\/image2-1-845x684.jpeg 845w\" sizes=\"(max-width: 495px) 100vw, 495px\" \/><\/a><div class=\"slide-content\"><header class=\"entry-content-header\" aria-label=\"Slide: Cody a \u00e9t\u00e9 adopt\u00e9 il y a deux ans au No\u00ebl des B\u00eates Abandonn\u00e9es\"><span class=\"blog-categories minor-meta\"><a href=\"https:\/\/www.fondationassistanceauxanimaux.org\/actu\/c\/fondation-assistance-aux-animaux\/\" rel=\"tag\">Fondation Assistance Aux Animaux<\/a> <\/span><h3 class='slide-entry-title entry-title '  itemprop=\"headline\" ><a href='https:\/\/www.fondationassistanceauxanimaux.org\/actu\/cody-a-ete-adopte-il-y-a-deux-ans-au-noel-des-betes-abandonnees-26066\/' title='Cody a \u00e9t\u00e9 adopt\u00e9 il y a deux ans au No\u00ebl des B\u00eates Abandonn\u00e9es'>Cody a \u00e9t\u00e9 adopt\u00e9 il y a deux ans au No\u00ebl des B\u00eates Abandonn\u00e9es<\/a><\/h3><span class=\"av-vertical-delimiter\"><\/span><\/header><div class='slide-entry-excerpt entry-content'  itemprop=\"text\" >\nCela fait maintenant deux ans que Cody a \u00e9t\u00e9 adopt\u00e9 au No\u00ebl des B\u00eates Abandonn\u00e9es !\n\n\n\nSon adoptante nous a envoy\u00e9 des nouvelles :\n\n\n\n\"Je vous \u00e9cris pour vous faire parvenir des photos et des nouvelles de votre ancien petit prot\u00e9g\u00e9,\u2026<\/div><\/div><footer class=\"entry-footer\"><div class=\"slide-meta\"><time class='slide-meta-time updated'  itemprop=\"datePublished\" datetime=\"2026-03-11T08:11:37+01:00\" >11 mars 2026<\/time><\/div><\/footer><span class='hidden'>\n\t\t\t\t<span class='av-structured-data'  itemprop=\"image\" itemscope=\"itemscope\" itemtype=\"https:\/\/schema.org\/ImageObject\" >\n\t\t\t\t\t\t<span itemprop='url'>https:\/\/www.fondationassistanceauxanimaux.org\/actu\/wp-content\/uploads\/2026\/03\/image2-1-scaled.jpeg<\/span>\n\t\t\t\t\t\t<span itemprop='height'>2551<\/span>\n\t\t\t\t\t\t<span itemprop='width'>2560<\/span>\n\t\t\t\t<\/span>\n\t\t\t\t<span class='av-structured-data'  itemprop=\"publisher\" itemtype=\"https:\/\/schema.org\/Organization\" itemscope=\"itemscope\" >\n\t\t\t\t\t\t<span itemprop='name'>No\u00e9<\/span>\n\t\t\t\t\t\t<span itemprop='logo' itemscope itemtype='https:\/\/schema.org\/ImageObject'>\n\t\t\t\t\t\t\t<span itemprop='url'>https:\/\/www.fondationassistanceauxanimaux.org\/actu\/wp-content\/uploads\/2021\/02\/logo-faaa-so-transp.png<\/span>\n\t\t\t\t\t\t<\/span>\n\t\t\t\t<\/span><span class='av-structured-data'  itemprop=\"author\" itemscope=\"itemscope\" itemtype=\"https:\/\/schema.org\/Person\" ><span itemprop='name'>No\u00e9<\/span><\/span><span class='av-structured-data'  itemprop=\"datePublished\" datetime=\"2016-06-11T11:09:20+02:00\" >2026-03-11 08:11:37<\/span><span class='av-structured-data'  itemprop=\"dateModified\" itemtype=\"https:\/\/schema.org\/dateModified\" >2026-03-11 08:11:38<\/span><span class='av-structured-data'  itemprop=\"mainEntityOfPage\" itemtype=\"https:\/\/schema.org\/mainEntityOfPage\" ><span itemprop='name'>Cody a \u00e9t\u00e9 adopt\u00e9 il y a deux ans au No\u00ebl des B\u00eates Abandonn\u00e9es<\/span><\/span><\/span><\/article><article class='slide-entry flex_column  post-entry post-entry-26062 slide-entry-overview slide-loop-29 slide-parity-even  av_one_third  real-thumbnail posttype-post post-format-standard'  itemscope=\"itemscope\" itemtype=\"https:\/\/schema.org\/CreativeWork\" ><a href='https:\/\/www.fondationassistanceauxanimaux.org\/actu\/portrait-de-youki-refuge-bellegarde-26062\/' data-rel='slide-1' class='slide-image' title='Portrait de Youki, \u00e0 l&rsquo;adoption au refuge de Bellegarde'><img decoding=\"async\" fetchpriority=\"high\" width=\"495\" height=\"400\" src=\"https:\/\/www.fondationassistanceauxanimaux.org\/actu\/wp-content\/uploads\/2026\/03\/youki-1-495x400.jpeg\" class=\"wp-image-26065 avia-img-lazy-loading-not-26065 attachment-portfolio size-portfolio wp-post-image\" alt=\"\" srcset=\"https:\/\/www.fondationassistanceauxanimaux.org\/actu\/wp-content\/uploads\/2026\/03\/youki-1-495x400.jpeg 495w, https:\/\/www.fondationassistanceauxanimaux.org\/actu\/wp-content\/uploads\/2026\/03\/youki-1-845x684.jpeg 845w\" sizes=\"(max-width: 495px) 100vw, 495px\" \/><\/a><div class=\"slide-content\"><header class=\"entry-content-header\" aria-label=\"Slide: Portrait de Youki, \u00e0 l&#039;adoption au refuge de Bellegarde\"><span class=\"blog-categories minor-meta\"><a href=\"https:\/\/www.fondationassistanceauxanimaux.org\/actu\/c\/fondation-assistance-aux-animaux\/\" rel=\"tag\">Fondation Assistance Aux Animaux<\/a> <\/span><h3 class='slide-entry-title entry-title '  itemprop=\"headline\" ><a href='https:\/\/www.fondationassistanceauxanimaux.org\/actu\/portrait-de-youki-refuge-bellegarde-26062\/' title='Portrait de Youki, \u00e0 l&rsquo;adoption au refuge de Bellegarde'>Portrait de Youki, \u00e0 l&rsquo;adoption au refuge de Bellegarde<\/a><\/h3><span class=\"av-vertical-delimiter\"><\/span><\/header><div class='slide-entry-excerpt entry-content'  itemprop=\"text\" >\nYouki est \u00e0 l\u2019adoption au refuge de Bellegarde !\n\n\n\nN\u00e9e en septembre 2025, Youki est une jeune chienne pleine de vie. Joueuse et dynamique, elle a encore tout \u00e0 apprendre et aura besoin d\u2019une famille pr\u00eate \u00e0 lui offrir de la pr\u00e9sence,\u2026<\/div><\/div><footer class=\"entry-footer\"><div class=\"slide-meta\"><time class='slide-meta-time updated'  itemprop=\"datePublished\" datetime=\"2026-03-11T02:46:29+01:00\" >11 mars 2026<\/time><\/div><\/footer><span class='hidden'>\n\t\t\t\t<span class='av-structured-data'  itemprop=\"image\" itemscope=\"itemscope\" itemtype=\"https:\/\/schema.org\/ImageObject\" >\n\t\t\t\t\t\t<span itemprop='url'>https:\/\/www.fondationassistanceauxanimaux.org\/actu\/wp-content\/uploads\/2026\/03\/youki-1.jpeg<\/span>\n\t\t\t\t\t\t<span itemprop='height'>857<\/span>\n\t\t\t\t\t\t<span itemprop='width'>854<\/span>\n\t\t\t\t<\/span>\n\t\t\t\t<span class='av-structured-data'  itemprop=\"publisher\" itemtype=\"https:\/\/schema.org\/Organization\" itemscope=\"itemscope\" >\n\t\t\t\t\t\t<span itemprop='name'>No\u00e9<\/span>\n\t\t\t\t\t\t<span itemprop='logo' itemscope itemtype='https:\/\/schema.org\/ImageObject'>\n\t\t\t\t\t\t\t<span itemprop='url'>https:\/\/www.fondationassistanceauxanimaux.org\/actu\/wp-content\/uploads\/2021\/02\/logo-faaa-so-transp.png<\/span>\n\t\t\t\t\t\t<\/span>\n\t\t\t\t<\/span><span class='av-structured-data'  itemprop=\"author\" itemscope=\"itemscope\" itemtype=\"https:\/\/schema.org\/Person\" ><span itemprop='name'>No\u00e9<\/span><\/span><span class='av-structured-data'  itemprop=\"datePublished\" datetime=\"2016-06-11T11:09:20+02:00\" >2026-03-11 02:46:29<\/span><span class='av-structured-data'  itemprop=\"dateModified\" itemtype=\"https:\/\/schema.org\/dateModified\" >2026-03-11 02:46:30<\/span><span class='av-structured-data'  itemprop=\"mainEntityOfPage\" itemtype=\"https:\/\/schema.org\/mainEntityOfPage\" ><span itemprop='name'>Portrait de Youki, \u00e0 l&rsquo;adoption au refuge de Bellegarde<\/span><\/span><\/span><\/article><article class='slide-entry flex_column  post-entry post-entry-26059 slide-entry-overview slide-loop-30 slide-parity-odd  post-entry-last  av_one_third  real-thumbnail posttype-post post-format-standard'  itemscope=\"itemscope\" itemtype=\"https:\/\/schema.org\/CreativeWork\" ><a href='https:\/\/www.fondationassistanceauxanimaux.org\/actu\/ladoption-de-zac-petit-protege-du-refuge-de-villevaude-26059\/' data-rel='slide-1' class='slide-image' title='L&rsquo;adoption de Zac, petit prot\u00e9g\u00e9 du refuge de Villevaud\u00e9'><img decoding=\"async\" fetchpriority=\"high\" width=\"495\" height=\"400\" src=\"https:\/\/www.fondationassistanceauxanimaux.org\/actu\/wp-content\/uploads\/2026\/03\/649237622_18352787818229574_7860586773101293883_n-495x400.jpg\" class=\"wp-image-26060 avia-img-lazy-loading-not-26060 attachment-portfolio size-portfolio wp-post-image\" alt=\"\" srcset=\"https:\/\/www.fondationassistanceauxanimaux.org\/actu\/wp-content\/uploads\/2026\/03\/649237622_18352787818229574_7860586773101293883_n-495x400.jpg 495w, https:\/\/www.fondationassistanceauxanimaux.org\/actu\/wp-content\/uploads\/2026\/03\/649237622_18352787818229574_7860586773101293883_n-845x684.jpg 845w\" sizes=\"(max-width: 495px) 100vw, 495px\" \/><\/a><div class=\"slide-content\"><header class=\"entry-content-header\" aria-label=\"Slide: L&#039;adoption de Zac, petit prot\u00e9g\u00e9 du refuge de Villevaud\u00e9\"><span class=\"blog-categories minor-meta\"><a href=\"https:\/\/www.fondationassistanceauxanimaux.org\/actu\/c\/fondation-assistance-aux-animaux\/\" rel=\"tag\">Fondation Assistance Aux Animaux<\/a> <\/span><h3 class='slide-entry-title entry-title '  itemprop=\"headline\" ><a href='https:\/\/www.fondationassistanceauxanimaux.org\/actu\/ladoption-de-zac-petit-protege-du-refuge-de-villevaude-26059\/' title='L&rsquo;adoption de Zac, petit prot\u00e9g\u00e9 du refuge de Villevaud\u00e9'>L&rsquo;adoption de Zac, petit prot\u00e9g\u00e9 du refuge de Villevaud\u00e9<\/a><\/h3><span class=\"av-vertical-delimiter\"><\/span><\/header><div class='slide-entry-excerpt entry-content'  itemprop=\"text\" >\nAujourd\u2019hui, Zac est parti pour vivre de nouvelles aventures aux c\u00f4t\u00e9s de son b\u00e9n\u00e9vole pr\u00e9f\u00e9r\u00e9 !\n\n\n\nPour Jean-Yves, accueillir Zac dans sa famille a \u00e9t\u00e9 comme une \u00e9vidence.\n\n\n\n\u00ab Quand j\u2019ai commenc\u00e9 le b\u00e9n\u00e9volat il y a 2 mois,\u2026<\/div><\/div><footer class=\"entry-footer\"><div class=\"slide-meta\"><time class='slide-meta-time updated'  itemprop=\"datePublished\" datetime=\"2026-03-11T02:40:18+01:00\" >11 mars 2026<\/time><\/div><\/footer><span class='hidden'>\n\t\t\t\t<span class='av-structured-data'  itemprop=\"image\" itemscope=\"itemscope\" itemtype=\"https:\/\/schema.org\/ImageObject\" >\n\t\t\t\t\t\t<span itemprop='url'>https:\/\/www.fondationassistanceauxanimaux.org\/actu\/wp-content\/uploads\/2026\/03\/649237622_18352787818229574_7860586773101293883_n.jpg<\/span>\n\t\t\t\t\t\t<span itemprop='height'>1436<\/span>\n\t\t\t\t\t\t<span itemprop='width'>1080<\/span>\n\t\t\t\t<\/span>\n\t\t\t\t<span class='av-structured-data'  itemprop=\"publisher\" itemtype=\"https:\/\/schema.org\/Organization\" itemscope=\"itemscope\" >\n\t\t\t\t\t\t<span itemprop='name'>No\u00e9<\/span>\n\t\t\t\t\t\t<span itemprop='logo' itemscope itemtype='https:\/\/schema.org\/ImageObject'>\n\t\t\t\t\t\t\t<span itemprop='url'>https:\/\/www.fondationassistanceauxanimaux.org\/actu\/wp-content\/uploads\/2021\/02\/logo-faaa-so-transp.png<\/span>\n\t\t\t\t\t\t<\/span>\n\t\t\t\t<\/span><span class='av-structured-data'  itemprop=\"author\" itemscope=\"itemscope\" itemtype=\"https:\/\/schema.org\/Person\" ><span itemprop='name'>No\u00e9<\/span><\/span><span class='av-structured-data'  itemprop=\"datePublished\" datetime=\"2016-06-11T11:09:20+02:00\" >2026-03-11 02:40:18<\/span><span class='av-structured-data'  itemprop=\"dateModified\" itemtype=\"https:\/\/schema.org\/dateModified\" >2026-03-11 02:40:19<\/span><span class='av-structured-data'  itemprop=\"mainEntityOfPage\" itemtype=\"https:\/\/schema.org\/mainEntityOfPage\" ><span itemprop='name'>L&rsquo;adoption de Zac, petit prot\u00e9g\u00e9 du refuge de Villevaud\u00e9<\/span><\/span><\/span><\/article><\/div><\/div><div class='pagination-wrap pagination-slider'><nav class='pagination'><span class='pagination-meta'>Page 1 sur 94<\/span><span class='current'>1<\/span><a href='https:\/\/www.fondationassistanceauxanimaux.org\/actu\/wp-json\/wp\/v2\/pages\/75\/?avia-element-paging=2' class='inactive next_page' >2<\/a><a href='https:\/\/www.fondationassistanceauxanimaux.org\/actu\/wp-json\/wp\/v2\/pages\/75\/?avia-element-paging=3' class='inactive' >3<\/a><a href='https:\/\/www.fondationassistanceauxanimaux.org\/actu\/wp-json\/wp\/v2\/pages\/75\/?avia-element-paging=2'>&rsaquo;<\/a><a href='https:\/\/www.fondationassistanceauxanimaux.org\/actu\/wp-json\/wp\/v2\/pages\/75\/?avia-element-paging=94'>&raquo;<\/a><\/nav>\n<\/div><\/div><\/p><\/div>\n\n<style type=\"text\/css\" data-created_by=\"avia_inline_auto\" id=\"style-css-av-4tniv-ec8b1b0ad25c6d48a3f44af38e5f2a74\">\n.flex_column.av-4tniv-ec8b1b0ad25c6d48a3f44af38e5f2a74{\nborder-radius:0px 0px 0px 0px;\npadding:0px 0px 0px 0px;\n}\n<\/style>\n<div  class='flex_column av-4tniv-ec8b1b0ad25c6d48a3f44af38e5f2a74 av_one_fourth  avia-builder-el-4  el_after_av_three_fourth  el_before_av_codeblock  flex_column_div av-zero-column-padding  '     ><p><div  class='avia-button-wrap avia-button-center  avia-builder-el-5  el_before_av_hr  avia-builder-el-first '>\n<style type=\"text\/css\" data-created_by=\"avia_inline_auto\" id=\"style-css-av-4i7sn-c780f287303fdcc107d5606be578df37\">\n#top #wrap_all .avia-button.av-4i7sn-c780f287303fdcc107d5606be578df37{\nbackground-color:#554944;\nborder-color:#554944;\ncolor:#ffffff;\ntransition:all 0.4s ease-in-out;\n}\n#top #wrap_all .avia-button.av-4i7sn-c780f287303fdcc107d5606be578df37:hover{\nbackground-color:#0a4b79;\ncolor:#ffffff;\ntransition:all 0.4s ease-in-out;\n}\n#top #wrap_all .avia-button.av-4i7sn-c780f287303fdcc107d5606be578df37 .avia-svg-icon svg:first-child{\nfill:#ffffff;\nstroke:#ffffff;\n}\n#top #wrap_all .avia-button.av-4i7sn-c780f287303fdcc107d5606be578df37:hover .avia-svg-icon svg:first-child{\nfill:#ffffff;\nstroke:#ffffff;\n}\n<\/style>\n<a href='https:\/\/www.fondationassistanceauxanimaux.org\/contact\/' class='avia-button avia-button-fullwidth av-4i7sn-c780f287303fdcc107d5606be578df37 avia-icon_select-yes-left-icon avia-color-custom'   aria-label=\"Contacter la fondation\"><span class='avia_button_icon avia_button_icon_left avia-iconfont avia-font-entypo-fontello' data-av_icon='\ue80a' data-av_iconfont='entypo-fontello' ><\/span><span class='avia_iconbox_title' >Contacter la fondation<\/span><\/a><\/div><br \/>\n<div  class='hr av-3r0s7-626f157059e1d520be21e66df1f03364 hr-default  avia-builder-el-6  el_after_av_button_big  el_before_av_button_big  avia-builder-el-no-sibling '><span class='hr-inner '><span class=\"hr-inner-style\"><\/span><\/span><\/div><br \/>\n<div  class='avia-button-wrap avia-button-center  avia-builder-el-7  el_after_av_hr  el_before_av_hr '>\n<style type=\"text\/css\" data-created_by=\"avia_inline_auto\" id=\"style-css-av-139hf-44bd09ff06824bc85f09aa3122224e9a\">\n#top #wrap_all .avia-button.av-139hf-44bd09ff06824bc85f09aa3122224e9a{\nbackground-color:#d93f0b;\nborder-color:#d93f0b;\ncolor:#ffffff;\ntransition:all 0.4s ease-in-out;\n}\n#top #wrap_all .avia-button.av-139hf-44bd09ff06824bc85f09aa3122224e9a:hover{\nbackground-color:#0a4b79;\ncolor:#ffffff;\ntransition:all 0.4s ease-in-out;\n}\n#top #wrap_all .avia-button.av-139hf-44bd09ff06824bc85f09aa3122224e9a .avia-svg-icon svg:first-child{\nfill:#ffffff;\nstroke:#ffffff;\n}\n#top #wrap_all .avia-button.av-139hf-44bd09ff06824bc85f09aa3122224e9a:hover .avia-svg-icon svg:first-child{\nfill:#ffffff;\nstroke:#ffffff;\n}\n<\/style>\n<a href='https:\/\/fondationassistanceauxanimaux-dons.org\/' class='avia-button avia-button-fullwidth av-139hf-44bd09ff06824bc85f09aa3122224e9a avia-icon_select-yes-left-icon avia-color-custom'   aria-label=\"Faire un Don\"><span class='avia_button_icon avia_button_icon_left avia-iconfont avia-font-entypo-fontello' data-av_icon='\ue806' data-av_iconfont='entypo-fontello' ><\/span><span class='avia_iconbox_title' >Faire un Don<\/span><\/a><\/div><br \/>\n<div  class='hr av-2jqzn-700ae63d14d27cc2d78441da88c4ccee hr-default  avia-builder-el-8  el_after_av_button_big  el_before_av_sidebar  avia-builder-el-first '><span class='hr-inner '><span class=\"hr-inner-style\"><\/span><\/span><\/div><br \/>\n<div  class='avia-builder-widget-area clearfix  avia-builder-el-9  el_after_av_hr  avia-builder-el-last '><section id=\"search-3\" class=\"widget clearfix widget_search\"><h3 class=\"widgettitle\">Recherche<\/h3>\n<search>\n\t<form action=\"https:\/\/www.fondationassistanceauxanimaux.org\/actu\/\" id=\"searchform\" method=\"get\" class=\"av_disable_ajax_search\">\n\t\t<div>\n<span class='av_searchform_search avia-svg-icon avia-font-svg_entypo-fontello' data-av_svg_icon='search' data-av_iconset='svg_entypo-fontello'><svg version=\"1.1\" xmlns=\"http:\/\/www.w3.org\/2000\/svg\" width=\"25\" height=\"32\" viewBox=\"0 0 25 32\" preserveAspectRatio=\"xMidYMid meet\" aria-labelledby='av-svg-title-31' aria-describedby='av-svg-desc-31' role=\"graphics-symbol\" aria-hidden=\"true\">\n<title id='av-svg-title-31'>Search<\/title>\n<desc id='av-svg-desc-31'>Search<\/desc>\n<path d=\"M24.704 24.704q0.96 1.088 0.192 1.984l-1.472 1.472q-1.152 1.024-2.176 0l-6.080-6.080q-2.368 1.344-4.992 1.344-4.096 0-7.136-3.040t-3.040-7.136 2.88-7.008 6.976-2.912 7.168 3.040 3.072 7.136q0 2.816-1.472 5.184zM3.008 13.248q0 2.816 2.176 4.992t4.992 2.176 4.832-2.016 2.016-4.896q0-2.816-2.176-4.96t-4.992-2.144-4.832 2.016-2.016 4.832z\"><\/path>\n<\/svg><\/span>\t\t\t<input type=\"submit\" value=\"\" id=\"searchsubmit\" class=\"button\" title=\"Cliquer pour lancer la recherche\" \/>\n\t\t\t<input type=\"search\" id=\"s\" name=\"s\" value=\"\" aria-label='Rechercher' placeholder='Rechercher' required \/>\n\t\t<\/div>\n\t<\/form>\n<\/search>\n<span class=\"seperator extralight-border\"><\/span><\/section><section id=\"newsbox-4\" class=\"widget clearfix avia-widget-container newsbox\"><h3 class=\"widgettitle\">Derniers articles<\/h3><ul class=\"news-wrap image_size_widget\"><li class=\"news-content post-format-standard\"><div class=\"news-link\"><a class='news-thumb ' title=\"Lire : 5 chiots dalmatiens recherchent leur famille pour la vie !\" href=\"https:\/\/www.fondationassistanceauxanimaux.org\/actu\/chiots-dalmatiens-adoption-26255\/\"><img decoding=\"async\" fetchpriority=\"high\" width=\"36\" height=\"36\" src=\"https:\/\/www.fondationassistanceauxanimaux.org\/actu\/wp-content\/uploads\/2026\/05\/IMG_0540-1-36x36.jpeg\" class=\"wp-image-26262 avia-img-lazy-loading-not-26262 attachment-widget size-widget wp-post-image\" alt=\"\" srcset=\"https:\/\/www.fondationassistanceauxanimaux.org\/actu\/wp-content\/uploads\/2026\/05\/IMG_0540-1-36x36.jpeg 36w, https:\/\/www.fondationassistanceauxanimaux.org\/actu\/wp-content\/uploads\/2026\/05\/IMG_0540-1-80x80.jpeg 80w, https:\/\/www.fondationassistanceauxanimaux.org\/actu\/wp-content\/uploads\/2026\/05\/IMG_0540-1-180x180.jpeg 180w\" sizes=\"(max-width: 36px) 100vw, 36px\" \/><\/a><div class=\"news-headline\"><a class='news-title' title=\"Lire : 5 chiots dalmatiens recherchent leur famille pour la vie !\" href=\"https:\/\/www.fondationassistanceauxanimaux.org\/actu\/chiots-dalmatiens-adoption-26255\/\">5 chiots dalmatiens recherchent leur famille pour la vie !<\/a><span class=\"news-time\">1 mai 2026 - 6 h 51 min<\/span><\/div><\/div><\/li><li class=\"news-content post-format-standard\"><div class=\"news-link\"><a class='news-thumb ' title=\"Lire : Portrait de Sam, \u00e0 l&rsquo;adoption au refuge de Bellegarde\" href=\"https:\/\/www.fondationassistanceauxanimaux.org\/actu\/portrait-de-sam-a-ladoption-au-refuge-de-bellegarde-26250\/\"><img decoding=\"async\" fetchpriority=\"high\" width=\"36\" height=\"36\" src=\"https:\/\/www.fondationassistanceauxanimaux.org\/actu\/wp-content\/uploads\/2026\/04\/Sam-1-36x36.jpeg\" class=\"wp-image-26253 avia-img-lazy-loading-not-26253 attachment-widget size-widget wp-post-image\" alt=\"\" srcset=\"https:\/\/www.fondationassistanceauxanimaux.org\/actu\/wp-content\/uploads\/2026\/04\/Sam-1-36x36.jpeg 36w, https:\/\/www.fondationassistanceauxanimaux.org\/actu\/wp-content\/uploads\/2026\/04\/Sam-1-80x80.jpeg 80w, https:\/\/www.fondationassistanceauxanimaux.org\/actu\/wp-content\/uploads\/2026\/04\/Sam-1-180x180.jpeg 180w\" sizes=\"(max-width: 36px) 100vw, 36px\" \/><\/a><div class=\"news-headline\"><a class='news-title' title=\"Lire : Portrait de Sam, \u00e0 l&rsquo;adoption au refuge de Bellegarde\" href=\"https:\/\/www.fondationassistanceauxanimaux.org\/actu\/portrait-de-sam-a-ladoption-au-refuge-de-bellegarde-26250\/\">Portrait de Sam, \u00e0 l&rsquo;adoption au refuge de Bellegarde<\/a><span class=\"news-time\">30 avril 2026 - 16 h 21 min<\/span><\/div><\/div><\/li><li class=\"news-content post-format-standard\"><div class=\"news-link\"><a class='news-thumb ' title=\"Lire : 1er mai : attention au muguet, un danger pour vos animaux !\" href=\"https:\/\/www.fondationassistanceauxanimaux.org\/actu\/1er-mai-attention-au-muguet-un-danger-pour-vos-animaux-2-26245\/\"><img decoding=\"async\" fetchpriority=\"high\" width=\"36\" height=\"36\" src=\"https:\/\/www.fondationassistanceauxanimaux.org\/actu\/wp-content\/uploads\/2026\/04\/muguet-fi24648308x975-36x36.jpg\" class=\"wp-image-26249 avia-img-lazy-loading-not-26249 attachment-widget size-widget wp-post-image\" alt=\"\" srcset=\"https:\/\/www.fondationassistanceauxanimaux.org\/actu\/wp-content\/uploads\/2026\/04\/muguet-fi24648308x975-36x36.jpg 36w, https:\/\/www.fondationassistanceauxanimaux.org\/actu\/wp-content\/uploads\/2026\/04\/muguet-fi24648308x975-80x80.jpg 80w, https:\/\/www.fondationassistanceauxanimaux.org\/actu\/wp-content\/uploads\/2026\/04\/muguet-fi24648308x975-180x180.jpg 180w\" sizes=\"(max-width: 36px) 100vw, 36px\" \/><\/a><div class=\"news-headline\"><a class='news-title' title=\"Lire : 1er mai : attention au muguet, un danger pour vos animaux !\" href=\"https:\/\/www.fondationassistanceauxanimaux.org\/actu\/1er-mai-attention-au-muguet-un-danger-pour-vos-animaux-2-26245\/\">1er mai : attention au muguet, un danger pour vos animaux !<\/a><span class=\"news-time\">30 avril 2026 - 13 h 45 min<\/span><\/div><\/div><\/li><li class=\"news-content post-format-standard\"><div class=\"news-link\"><a class='news-thumb ' title=\"Lire : Une double adoption au refuge de Villevaud\u00e9 !\" href=\"https:\/\/www.fondationassistanceauxanimaux.org\/actu\/une-double-adoption-au-refuge-de-villevaude-26241\/\"><img decoding=\"async\" fetchpriority=\"high\" width=\"36\" height=\"36\" src=\"https:\/\/www.fondationassistanceauxanimaux.org\/actu\/wp-content\/uploads\/2026\/04\/681274416_18360347311229574_1986124953138800615_n-1-36x36.jpg\" class=\"wp-image-26244 avia-img-lazy-loading-not-26244 attachment-widget size-widget wp-post-image\" alt=\"\" srcset=\"https:\/\/www.fondationassistanceauxanimaux.org\/actu\/wp-content\/uploads\/2026\/04\/681274416_18360347311229574_1986124953138800615_n-1-36x36.jpg 36w, https:\/\/www.fondationassistanceauxanimaux.org\/actu\/wp-content\/uploads\/2026\/04\/681274416_18360347311229574_1986124953138800615_n-1-80x80.jpg 80w, https:\/\/www.fondationassistanceauxanimaux.org\/actu\/wp-content\/uploads\/2026\/04\/681274416_18360347311229574_1986124953138800615_n-1-180x180.jpg 180w\" sizes=\"(max-width: 36px) 100vw, 36px\" \/><\/a><div class=\"news-headline\"><a class='news-title' title=\"Lire : Une double adoption au refuge de Villevaud\u00e9 !\" href=\"https:\/\/www.fondationassistanceauxanimaux.org\/actu\/une-double-adoption-au-refuge-de-villevaude-26241\/\">Une double adoption au refuge de Villevaud\u00e9 !<\/a><span class=\"news-time\">29 avril 2026 - 16 h 58 min<\/span><\/div><\/div><\/li><\/ul><span class=\"seperator extralight-border\"><\/span><\/section><\/div><\/p><\/div><\/p>\n","protected":false},"excerpt":{"rendered":"","protected":false},"author":1,"featured_media":0,"parent":0,"menu_order":0,"comment_status":"closed","ping_status":"closed","template":"","meta":{"footnotes":""},"class_list":["post-75","page","type-page","status-publish","hentry"],"yoast_head":"<!-- This site is optimized with the Yoast SEO plugin v24.5 - https:\/\/yoast.com\/wordpress\/plugins\/seo\/ -->\n<title>Fondation Assistance aux Animaux - Actualit\u00e9s - Fondation Assistance aux Animaux - Actualit\u00e9s<\/title>\n<meta name=\"description\" content=\"Retrouvez toute l&#039;actualit\u00e9 de la Fondation Assistance Aux Animaux, sauvetages, adoptions, \u00e9v\u00e9nements, engagements pour les animaux.\" \/>\n<meta name=\"robots\" content=\"index, follow, max-snippet:-1, max-image-preview:large, max-video-preview:-1\" \/>\n<link rel=\"canonical\" href=\"https:\/\/www.fondationassistanceauxanimaux.org\/actu\/\" \/>\n<meta property=\"og:locale\" content=\"fr_FR\" \/>\n<meta property=\"og:type\" content=\"article\" \/>\n<meta property=\"og:title\" content=\"Fondation Assistance aux Animaux - Actualit\u00e9s - Fondation Assistance aux Animaux - Actualit\u00e9s\" \/>\n<meta property=\"og:description\" content=\"Retrouvez toute l&#039;actualit\u00e9 de la Fondation Assistance Aux Animaux, sauvetages, adoptions, \u00e9v\u00e9nements, engagements pour les animaux.\" \/>\n<meta property=\"og:url\" content=\"https:\/\/www.fondationassistanceauxanimaux.org\/actu\/\" \/>\n<meta property=\"og:site_name\" content=\"Fondation Assistance aux Animaux - Actualit\u00e9s\" \/>\n<meta property=\"article:modified_time\" content=\"2021-01-14T10:40:31+00:00\" \/>\n<meta name=\"twitter:card\" content=\"summary_large_image\" \/>\n<meta name=\"twitter:label1\" content=\"Dur\u00e9e de lecture estim\u00e9e\" \/>\n\t<meta name=\"twitter:data1\" content=\"3 minutes\" \/>\n<script type=\"application\/ld+json\" class=\"yoast-schema-graph\">{\"@context\":\"https:\/\/schema.org\",\"@graph\":[{\"@type\":\"WebPage\",\"@id\":\"https:\/\/www.fondationassistanceauxanimaux.org\/actu\/\",\"url\":\"https:\/\/www.fondationassistanceauxanimaux.org\/actu\/\",\"name\":\"Fondation Assistance aux Animaux - Actualit\u00e9s - Fondation Assistance aux Animaux - Actualit\u00e9s\",\"isPartOf\":{\"@id\":\"https:\/\/www.fondationassistanceauxanimaux.org\/actu\/#website\"},\"datePublished\":\"2016-06-11T09:09:20+00:00\",\"dateModified\":\"2021-01-14T10:40:31+00:00\",\"description\":\"Retrouvez toute l'actualit\u00e9 de la Fondation Assistance Aux Animaux, sauvetages, adoptions, \u00e9v\u00e9nements, engagements pour les animaux.\",\"breadcrumb\":{\"@id\":\"https:\/\/www.fondationassistanceauxanimaux.org\/actu\/#breadcrumb\"},\"inLanguage\":\"fr-FR\",\"potentialAction\":[{\"@type\":\"ReadAction\",\"target\":[\"https:\/\/www.fondationassistanceauxanimaux.org\/actu\/\"]}]},{\"@type\":\"BreadcrumbList\",\"@id\":\"https:\/\/www.fondationassistanceauxanimaux.org\/actu\/#breadcrumb\",\"itemListElement\":[{\"@type\":\"ListItem\",\"position\":1,\"name\":\"Accueil\",\"item\":\"https:\/\/www.fondationassistanceauxanimaux.org\/actu\/\"},{\"@type\":\"ListItem\",\"position\":2,\"name\":\"Fondation Assistance aux Animaux &#8211; Actualit\u00e9s\"}]},{\"@type\":\"WebSite\",\"@id\":\"https:\/\/www.fondationassistanceauxanimaux.org\/actu\/#website\",\"url\":\"https:\/\/www.fondationassistanceauxanimaux.org\/actu\/\",\"name\":\"Fondation Assistance aux Animaux - Actualit\u00e9s\",\"description\":\"Depuis 1930 la Fondation Assistance aux Animaux pour la d\u00e9fense et la protection des animaux maltrait\u00e9s et abandonn\u00e9s\",\"potentialAction\":[{\"@type\":\"SearchAction\",\"target\":{\"@type\":\"EntryPoint\",\"urlTemplate\":\"https:\/\/www.fondationassistanceauxanimaux.org\/actu\/?s={search_term_string}\"},\"query-input\":{\"@type\":\"PropertyValueSpecification\",\"valueRequired\":true,\"valueName\":\"search_term_string\"}}],\"inLanguage\":\"fr-FR\"}]}<\/script>\n<!-- \/ Yoast SEO plugin. -->","yoast_head_json":{"title":"Fondation Assistance aux Animaux - Actualit\u00e9s - Fondation Assistance aux Animaux - Actualit\u00e9s","description":"Retrouvez toute l'actualit\u00e9 de la Fondation Assistance Aux Animaux, sauvetages, adoptions, \u00e9v\u00e9nements, engagements pour les animaux.","robots":{"index":"index","follow":"follow","max-snippet":"max-snippet:-1","max-image-preview":"max-image-preview:large","max-video-preview":"max-video-preview:-1"},"canonical":"https:\/\/www.fondationassistanceauxanimaux.org\/actu\/","og_locale":"fr_FR","og_type":"article","og_title":"Fondation Assistance aux Animaux - Actualit\u00e9s - Fondation Assistance aux Animaux - Actualit\u00e9s","og_description":"Retrouvez toute l'actualit\u00e9 de la Fondation Assistance Aux Animaux, sauvetages, adoptions, \u00e9v\u00e9nements, engagements pour les animaux.","og_url":"https:\/\/www.fondationassistanceauxanimaux.org\/actu\/","og_site_name":"Fondation Assistance aux Animaux - Actualit\u00e9s","article_modified_time":"2021-01-14T10:40:31+00:00","twitter_card":"summary_large_image","twitter_misc":{"Dur\u00e9e de lecture estim\u00e9e":"3 minutes"},"schema":{"@context":"https:\/\/schema.org","@graph":[{"@type":"WebPage","@id":"https:\/\/www.fondationassistanceauxanimaux.org\/actu\/","url":"https:\/\/www.fondationassistanceauxanimaux.org\/actu\/","name":"Fondation Assistance aux Animaux - Actualit\u00e9s - Fondation Assistance aux Animaux - Actualit\u00e9s","isPartOf":{"@id":"https:\/\/www.fondationassistanceauxanimaux.org\/actu\/#website"},"datePublished":"2016-06-11T09:09:20+00:00","dateModified":"2021-01-14T10:40:31+00:00","description":"Retrouvez toute l'actualit\u00e9 de la Fondation Assistance Aux Animaux, sauvetages, adoptions, \u00e9v\u00e9nements, engagements pour les animaux.","breadcrumb":{"@id":"https:\/\/www.fondationassistanceauxanimaux.org\/actu\/#breadcrumb"},"inLanguage":"fr-FR","potentialAction":[{"@type":"ReadAction","target":["https:\/\/www.fondationassistanceauxanimaux.org\/actu\/"]}]},{"@type":"BreadcrumbList","@id":"https:\/\/www.fondationassistanceauxanimaux.org\/actu\/#breadcrumb","itemListElement":[{"@type":"ListItem","position":1,"name":"Accueil","item":"https:\/\/www.fondationassistanceauxanimaux.org\/actu\/"},{"@type":"ListItem","position":2,"name":"Fondation Assistance aux Animaux &#8211; Actualit\u00e9s"}]},{"@type":"WebSite","@id":"https:\/\/www.fondationassistanceauxanimaux.org\/actu\/#website","url":"https:\/\/www.fondationassistanceauxanimaux.org\/actu\/","name":"Fondation Assistance aux Animaux - Actualit\u00e9s","description":"Depuis 1930 la Fondation Assistance aux Animaux pour la d\u00e9fense et la protection des animaux maltrait\u00e9s et abandonn\u00e9s","potentialAction":[{"@type":"SearchAction","target":{"@type":"EntryPoint","urlTemplate":"https:\/\/www.fondationassistanceauxanimaux.org\/actu\/?s={search_term_string}"},"query-input":{"@type":"PropertyValueSpecification","valueRequired":true,"valueName":"search_term_string"}}],"inLanguage":"fr-FR"}]}},"_links":{"self":[{"href":"https:\/\/www.fondationassistanceauxanimaux.org\/actu\/wp-json\/wp\/v2\/pages\/75","targetHints":{"allow":["GET"]}}],"collection":[{"href":"https:\/\/www.fondationassistanceauxanimaux.org\/actu\/wp-json\/wp\/v2\/pages"}],"about":[{"href":"https:\/\/www.fondationassistanceauxanimaux.org\/actu\/wp-json\/wp\/v2\/types\/page"}],"author":[{"embeddable":true,"href":"https:\/\/www.fondationassistanceauxanimaux.org\/actu\/wp-json\/wp\/v2\/users\/1"}],"replies":[{"embeddable":true,"href":"https:\/\/www.fondationassistanceauxanimaux.org\/actu\/wp-json\/wp\/v2\/comments?post=75"}],"version-history":[{"count":58,"href":"https:\/\/www.fondationassistanceauxanimaux.org\/actu\/wp-json\/wp\/v2\/pages\/75\/revisions"}],"predecessor-version":[{"id":11525,"href":"https:\/\/www.fondationassistanceauxanimaux.org\/actu\/wp-json\/wp\/v2\/pages\/75\/revisions\/11525"}],"wp:attachment":[{"href":"https:\/\/www.fondationassistanceauxanimaux.org\/actu\/wp-json\/wp\/v2\/media?parent=75"}],"curies":[{"name":"wp","href":"https:\/\/api.w.org\/{rel}","templated":true}]}}