{"version":"1.0","provider_name":"Fondation Assistance aux Animaux - Actualit\u00e9s","provider_url":"https:\/\/www.fondationassistanceauxanimaux.org\/actu","title":"\"Vanya\" recherche une famille qui prendra soin d'elle ! - Fondation Assistance aux Animaux - Actualit\u00e9s","type":"rich","width":600,"height":338,"html":"<blockquote class=\"wp-embedded-content\" data-secret=\"jOF77tcEof\"><a href=\"https:\/\/www.fondationassistanceauxanimaux.org\/actu\/vanya-recherche-famille-refuge-carros-11860\/\">\u00ab\u00a0Vanya\u00a0\u00bb recherche une famille qui prendra soin d&rsquo;elle !<\/a><\/blockquote><iframe sandbox=\"allow-scripts\" security=\"restricted\" src=\"https:\/\/www.fondationassistanceauxanimaux.org\/actu\/vanya-recherche-famille-refuge-carros-11860\/embed\/#?secret=jOF77tcEof\" width=\"600\" height=\"338\" title=\"\u00ab\u00a0\u00ab\u00a0Vanya\u00a0\u00bb recherche une famille qui prendra soin d&rsquo;elle !\u00a0\u00bb &#8212; Fondation Assistance aux Animaux - Actualit\u00e9s\" data-secret=\"jOF77tcEof\" frameborder=\"0\" marginwidth=\"0\" marginheight=\"0\" scrolling=\"no\" class=\"wp-embedded-content\"><\/iframe><script type=\"text\/javascript\">\n\/* <![CDATA[ *\/\n\/*! This file is auto-generated *\/\n!function(d,l){\"use strict\";l.querySelector&&d.addEventListener&&\"undefined\"!=typeof URL&&(d.wp=d.wp||{},d.wp.receiveEmbedMessage||(d.wp.receiveEmbedMessage=function(e){var t=e.data;if((t||t.secret||t.message||t.value)&&!\/[^a-zA-Z0-9]\/.test(t.secret)){for(var s,r,n,a=l.querySelectorAll('iframe[data-secret=\"'+t.secret+'\"]'),o=l.querySelectorAll('blockquote[data-secret=\"'+t.secret+'\"]'),c=new RegExp(\"^https?:$\",\"i\"),i=0;i<o.length;i++)o[i].style.display=\"none\";for(i=0;i<a.length;i++)s=a[i],e.source===s.contentWindow&&(s.removeAttribute(\"style\"),\"height\"===t.message?(1e3<(r=parseInt(t.value,10))?r=1e3:~~r<200&&(r=200),s.height=r):\"link\"===t.message&&(r=new URL(s.getAttribute(\"src\")),n=new URL(t.value),c.test(n.protocol))&&n.host===r.host&&l.activeElement===s&&(d.top.location.href=t.value))}},d.addEventListener(\"message\",d.wp.receiveEmbedMessage,!1),l.addEventListener(\"DOMContentLoaded\",function(){for(var e,t,s=l.querySelectorAll(\"iframe.wp-embedded-content\"),r=0;r<s.length;r++)(t=(e=s[r]).getAttribute(\"data-secret\"))||(t=Math.random().toString(36).substring(2,12),e.src+=\"#?secret=\"+t,e.setAttribute(\"data-secret\",t)),e.contentWindow.postMessage({message:\"ready\",secret:t},\"*\")},!1)))}(window,document);\n\/\/# sourceURL=https:\/\/www.fondationassistanceauxanimaux.org\/actu\/wp-includes\/js\/wp-embed.min.js\n\/* ]]> *\/\n<\/script>\n","thumbnail_url":"https:\/\/www.fondationassistanceauxanimaux.org\/actu\/wp-content\/uploads\/2021\/04\/unnamed-2-4.jpg","thumbnail_width":1024,"thumbnail_height":768,"description":"Elle s&rsquo;appelle \u00ab\u00a0Vanya\u00a0\u00bb et se trouve au refuge Fondation Assistance aux Animaux de Carros. Elle a \u00e9t\u00e9 d\u00e9pos\u00e9e au refuge lorsqu&rsquo;elle \u00e9tait toute jeune, avec toute la fratrie. La port\u00e9e de chatons avait \u00e9t\u00e9 trouv\u00e9e sur un balcon, livr\u00e9s \u00e0 eux-m\u00eames. N\u2019ayant jamais connu l\u2019humain, il a fallu un long travail de sociabilisation avant de [&hellip;]"}