{"version":"1.0","provider_name":"Fondation Assistance aux Animaux - Actualit\u00e9s","provider_url":"https:\/\/www.fondationassistanceauxanimaux.org\/actu","title":"Des nouvelles de \"Princesse\", heureuse adopt\u00e9e du refuge de Villevaud\u00e9 - Fondation Assistance aux Animaux - Actualit\u00e9s","type":"rich","width":600,"height":338,"html":"<blockquote class=\"wp-embedded-content\" data-secret=\"ioeZ4lhKW5\"><a href=\"https:\/\/www.fondationassistanceauxanimaux.org\/actu\/nouvelles-adoption-refuge-villevaude-7461\/\">Des nouvelles de \u00ab\u00a0Princesse\u00a0\u00bb, heureuse adopt\u00e9e du refuge de Villevaud\u00e9<\/a><\/blockquote><iframe sandbox=\"allow-scripts\" security=\"restricted\" src=\"https:\/\/www.fondationassistanceauxanimaux.org\/actu\/nouvelles-adoption-refuge-villevaude-7461\/embed\/#?secret=ioeZ4lhKW5\" width=\"600\" height=\"338\" title=\"\u00ab\u00a0Des nouvelles de \u00ab\u00a0Princesse\u00a0\u00bb, heureuse adopt\u00e9e du refuge de Villevaud\u00e9\u00a0\u00bb &#8212; Fondation Assistance aux Animaux - Actualit\u00e9s\" data-secret=\"ioeZ4lhKW5\" frameborder=\"0\" marginwidth=\"0\" marginheight=\"0\" scrolling=\"no\" class=\"wp-embedded-content\"><\/iframe><script type=\"text\/javascript\">\n\/* <![CDATA[ *\/\n\/*! This file is auto-generated *\/\n!function(d,l){\"use strict\";l.querySelector&&d.addEventListener&&\"undefined\"!=typeof URL&&(d.wp=d.wp||{},d.wp.receiveEmbedMessage||(d.wp.receiveEmbedMessage=function(e){var t=e.data;if((t||t.secret||t.message||t.value)&&!\/[^a-zA-Z0-9]\/.test(t.secret)){for(var s,r,n,a=l.querySelectorAll('iframe[data-secret=\"'+t.secret+'\"]'),o=l.querySelectorAll('blockquote[data-secret=\"'+t.secret+'\"]'),c=new RegExp(\"^https?:$\",\"i\"),i=0;i<o.length;i++)o[i].style.display=\"none\";for(i=0;i<a.length;i++)s=a[i],e.source===s.contentWindow&&(s.removeAttribute(\"style\"),\"height\"===t.message?(1e3<(r=parseInt(t.value,10))?r=1e3:~~r<200&&(r=200),s.height=r):\"link\"===t.message&&(r=new URL(s.getAttribute(\"src\")),n=new URL(t.value),c.test(n.protocol))&&n.host===r.host&&l.activeElement===s&&(d.top.location.href=t.value))}},d.addEventListener(\"message\",d.wp.receiveEmbedMessage,!1),l.addEventListener(\"DOMContentLoaded\",function(){for(var e,t,s=l.querySelectorAll(\"iframe.wp-embedded-content\"),r=0;r<s.length;r++)(t=(e=s[r]).getAttribute(\"data-secret\"))||(t=Math.random().toString(36).substring(2,12),e.src+=\"#?secret=\"+t,e.setAttribute(\"data-secret\",t)),e.contentWindow.postMessage({message:\"ready\",secret:t},\"*\")},!1)))}(window,document);\n\/\/# sourceURL=https:\/\/www.fondationassistanceauxanimaux.org\/actu\/wp-includes\/js\/wp-embed.min.js\n\/* ]]> *\/\n<\/script>\n","thumbnail_url":"https:\/\/www.fondationassistanceauxanimaux.org\/actu\/wp-content\/uploads\/2020\/04\/Capture-d\u2019\u00e9cran-.-2020-04-06-\u00e0-15.01.12-1030x986.png","thumbnail_width":1030,"thumbnail_height":986,"description":"Abandonn\u00e9e par ses propri\u00e9taires qui rencontraient des difficult\u00e9s financi\u00e8res,\u00a0\u00ab\u00a0Princesse\u00a0\u00bb avait \u00e9t\u00e9 prise en charge par le refuge Fondation Assistance aux Animaux de Villevaud\u00e9 en Avril 2019. Ce labrador de 3 ans souffrait d\u2019un important probl\u00e8me de peau. Elle ne pouvait pas passer une minute sans se gratter. Plac\u00e9e en urgence \u00e0 l\u2019infirmerie du refuge, elle [&hellip;]"}