{"version":"1.0","provider_name":"Fondation Assistance aux Animaux - Actualit\u00e9s","provider_url":"https:\/\/www.fondationassistanceauxanimaux.org\/actu","title":"La double adoption : Mulan et Napol\u00e9on, deux petits prot\u00e9g\u00e9s du refuge de Villevaud\u00e9 - Fondation Assistance aux Animaux - Actualit\u00e9s","type":"rich","width":600,"height":338,"html":"<blockquote class=\"wp-embedded-content\" data-secret=\"00XAkulKFV\"><a href=\"https:\/\/www.fondationassistanceauxanimaux.org\/actu\/double-adoption-mulan-napoleon-22806\/\">La double adoption : Mulan et Napol\u00e9on, deux petits prot\u00e9g\u00e9s du refuge de Villevaud\u00e9<\/a><\/blockquote><iframe sandbox=\"allow-scripts\" security=\"restricted\" src=\"https:\/\/www.fondationassistanceauxanimaux.org\/actu\/double-adoption-mulan-napoleon-22806\/embed\/#?secret=00XAkulKFV\" width=\"600\" height=\"338\" title=\"\u00ab\u00a0La double adoption : Mulan et Napol\u00e9on, deux petits prot\u00e9g\u00e9s du refuge de Villevaud\u00e9\u00a0\u00bb &#8212; Fondation Assistance aux Animaux - Actualit\u00e9s\" data-secret=\"00XAkulKFV\" frameborder=\"0\" marginwidth=\"0\" marginheight=\"0\" scrolling=\"no\" class=\"wp-embedded-content\"><\/iframe><script type=\"text\/javascript\">\n\/* <![CDATA[ *\/\n\/*! This file is auto-generated *\/\n!function(d,l){\"use strict\";l.querySelector&&d.addEventListener&&\"undefined\"!=typeof URL&&(d.wp=d.wp||{},d.wp.receiveEmbedMessage||(d.wp.receiveEmbedMessage=function(e){var t=e.data;if((t||t.secret||t.message||t.value)&&!\/[^a-zA-Z0-9]\/.test(t.secret)){for(var s,r,n,a=l.querySelectorAll('iframe[data-secret=\"'+t.secret+'\"]'),o=l.querySelectorAll('blockquote[data-secret=\"'+t.secret+'\"]'),c=new RegExp(\"^https?:$\",\"i\"),i=0;i<o.length;i++)o[i].style.display=\"none\";for(i=0;i<a.length;i++)s=a[i],e.source===s.contentWindow&&(s.removeAttribute(\"style\"),\"height\"===t.message?(1e3<(r=parseInt(t.value,10))?r=1e3:~~r<200&&(r=200),s.height=r):\"link\"===t.message&&(r=new URL(s.getAttribute(\"src\")),n=new URL(t.value),c.test(n.protocol))&&n.host===r.host&&l.activeElement===s&&(d.top.location.href=t.value))}},d.addEventListener(\"message\",d.wp.receiveEmbedMessage,!1),l.addEventListener(\"DOMContentLoaded\",function(){for(var e,t,s=l.querySelectorAll(\"iframe.wp-embedded-content\"),r=0;r<s.length;r++)(t=(e=s[r]).getAttribute(\"data-secret\"))||(t=Math.random().toString(36).substring(2,12),e.src+=\"#?secret=\"+t,e.setAttribute(\"data-secret\",t)),e.contentWindow.postMessage({message:\"ready\",secret:t},\"*\")},!1)))}(window,document);\n\/\/# sourceURL=https:\/\/www.fondationassistanceauxanimaux.org\/actu\/wp-includes\/js\/wp-embed.min.js\n\/* ]]> *\/\n<\/script>\n","thumbnail_url":"https:\/\/www.fondationassistanceauxanimaux.org\/actu\/wp-content\/uploads\/2025\/03\/484156772_1045509010942073_6950559541995297746_n-1.jpg","thumbnail_width":1179,"thumbnail_height":1014,"description":"Mulan et Napol\u00e9on partageaient tout depuis leur arriv\u00e9e au Refuge Fondation Assistance aux Animaux de Villevaud\u00e9, apr\u00e8s un abandon douloureux. Complices, ins\u00e9parables, ils se sont soutenus, jour apr\u00e8s jour, dans l\u2019attente d\u2019un nouveau d\u00e9part. Et ce jour est enfin arriv\u00e9. Une belle famille au grand c\u0153ur a choisi de les adopter ensemble. Une double adoption [&hellip;]"}