{"version":"1.0","provider_name":"Fondation Assistance aux Animaux - Actualit\u00e9s","provider_url":"https:\/\/www.fondationassistanceauxanimaux.org\/actu","title":"Au coeur du refuge de Bellegarde - Fondation Assistance aux Animaux - Actualit\u00e9s","type":"rich","width":600,"height":338,"html":"<blockquote class=\"wp-embedded-content\" data-secret=\"VVn7Ncogb5\"><a href=\"https:\/\/www.fondationassistanceauxanimaux.org\/actu\/confinement-refuge-bellegarde-7591\/\">Au coeur du refuge de Bellegarde<\/a><\/blockquote><iframe sandbox=\"allow-scripts\" security=\"restricted\" src=\"https:\/\/www.fondationassistanceauxanimaux.org\/actu\/confinement-refuge-bellegarde-7591\/embed\/#?secret=VVn7Ncogb5\" width=\"600\" height=\"338\" title=\"\u00ab\u00a0Au coeur du refuge de Bellegarde\u00a0\u00bb &#8212; Fondation Assistance aux Animaux - Actualit\u00e9s\" data-secret=\"VVn7Ncogb5\" frameborder=\"0\" marginwidth=\"0\" marginheight=\"0\" scrolling=\"no\" class=\"wp-embedded-content\"><\/iframe><script type=\"text\/javascript\">\n\/* <![CDATA[ *\/\n\/*! This file is auto-generated *\/\n!function(d,l){\"use strict\";l.querySelector&&d.addEventListener&&\"undefined\"!=typeof URL&&(d.wp=d.wp||{},d.wp.receiveEmbedMessage||(d.wp.receiveEmbedMessage=function(e){var t=e.data;if((t||t.secret||t.message||t.value)&&!\/[^a-zA-Z0-9]\/.test(t.secret)){for(var s,r,n,a=l.querySelectorAll('iframe[data-secret=\"'+t.secret+'\"]'),o=l.querySelectorAll('blockquote[data-secret=\"'+t.secret+'\"]'),c=new RegExp(\"^https?:$\",\"i\"),i=0;i<o.length;i++)o[i].style.display=\"none\";for(i=0;i<a.length;i++)s=a[i],e.source===s.contentWindow&&(s.removeAttribute(\"style\"),\"height\"===t.message?(1e3<(r=parseInt(t.value,10))?r=1e3:~~r<200&&(r=200),s.height=r):\"link\"===t.message&&(r=new URL(s.getAttribute(\"src\")),n=new URL(t.value),c.test(n.protocol))&&n.host===r.host&&l.activeElement===s&&(d.top.location.href=t.value))}},d.addEventListener(\"message\",d.wp.receiveEmbedMessage,!1),l.addEventListener(\"DOMContentLoaded\",function(){for(var e,t,s=l.querySelectorAll(\"iframe.wp-embedded-content\"),r=0;r<s.length;r++)(t=(e=s[r]).getAttribute(\"data-secret\"))||(t=Math.random().toString(36).substring(2,12),e.src+=\"#?secret=\"+t,e.setAttribute(\"data-secret\",t)),e.contentWindow.postMessage({message:\"ready\",secret:t},\"*\")},!1)))}(window,document);\n\/\/# sourceURL=https:\/\/www.fondationassistanceauxanimaux.org\/actu\/wp-includes\/js\/wp-embed.min.js\n\/* ]]> *\/\n<\/script>\n","thumbnail_url":"https:\/\/www.fondationassistanceauxanimaux.org\/actu\/wp-content\/uploads\/2020\/04\/416e313e-120c-40eb-9c0c-5c081428d90a-1.jpg","thumbnail_width":720,"thumbnail_height":761,"description":"Confin\u00e9s ou pas, les petits prot\u00e9g\u00e9s des refuges de la Fondation Assistance aux Animaux sont choy\u00e9s ! Ils ont tous leurs animaliers pr\u00e9f\u00e9r\u00e9s et leurs journ\u00e9es sont rythm\u00e9es par de nombreux c\u00e2lins, de copieuses gamelles, des parties de jeux dans les diff\u00e9rents espaces ext\u00e9rieurs, de soins et traitements, et des balades ! Voici quelques photos [&hellip;]"}